{"id":1033,"date":"2023-06-27T11:26:55","date_gmt":"2023-06-27T09:26:55","guid":{"rendered":"https:\/\/eclatcosmetique.fr\/beaute-passionnee-deja-que-nuestro-blog-de-belleza-te-ayude-a-revelar-tu-resplandor\/"},"modified":"2025-12-18T14:36:58","modified_gmt":"2025-12-18T13:36:58","slug":"beaute-passionnee-deja-que-nuestro-blog-de-belleza-te-ayude-a-revelar-tu-resplandor","status":"publish","type":"page","link":"https:\/\/eclatcosmetique.fr\/es\/","title":{"rendered":"Beaut\u00e9 Passionn\u00e9e: Deja que nuestro Blog de Belleza te ayude a revelar tu resplandor"},"content":{"rendered":"\t\t<div data-elementor-type=\"wp-page\" data-elementor-id=\"1033\" class=\"elementor elementor-1033 elementor-11\" data-elementor-post-type=\"page\">\n\t\t\t\t<div class=\"elementor-element elementor-element-1f1005c e-con-full e-flex e-con e-parent\" data-id=\"1f1005c\" data-element_type=\"container\" data-settings=\"{&quot;background_background&quot;:&quot;classic&quot;,&quot;shape_divider_bottom&quot;:&quot;mountains&quot;}\">\n\t\t\t\t<div class=\"elementor-shape elementor-shape-bottom\" data-negative=\"false\">\n\t\t\t<svg xmlns=\"http:\/\/www.w3.org\/2000\/svg\" viewBox=\"0 0 1000 100\" preserveAspectRatio=\"none\">\n\t<path class=\"elementor-shape-fill\" opacity=\"0.33\" d=\"M473,67.3c-203.9,88.3-263.1-34-320.3,0C66,119.1,0,59.7,0,59.7V0h1000v59.7 c0,0-62.1,26.1-94.9,29.3c-32.8,3.3-62.8-12.3-75.8-22.1C806,49.6,745.3,8.7,694.9,4.7S492.4,59,473,67.3z\"\/>\n\t<path class=\"elementor-shape-fill\" opacity=\"0.66\" d=\"M734,67.3c-45.5,0-77.2-23.2-129.1-39.1c-28.6-8.7-150.3-10.1-254,39.1 s-91.7-34.4-149.2,0C115.7,118.3,0,39.8,0,39.8V0h1000v36.5c0,0-28.2-18.5-92.1-18.5C810.2,18.1,775.7,67.3,734,67.3z\"\/>\n\t<path class=\"elementor-shape-fill\" d=\"M766.1,28.9c-200-57.5-266,65.5-395.1,19.5C242,1.8,242,5.4,184.8,20.6C128,35.8,132.3,44.9,89.9,52.5C28.6,63.7,0,0,0,0 h1000c0,0-9.9,40.9-83.6,48.1S829.6,47,766.1,28.9z\"\/>\n<\/svg>\t\t<\/div>\n\t\t<div class=\"elementor-element elementor-element-9c38122 e-flex e-con-boxed e-con e-child\" data-id=\"9c38122\" data-element_type=\"container\">\n\t\t\t\t\t<div class=\"e-con-inner\">\n\t\t\t\t<div class=\"elementor-element elementor-element-9e28297 elementor-widget__width-initial elementor-widget elementor-widget-heading\" data-id=\"9e28297\" data-element_type=\"widget\" data-widget_type=\"heading.default\">\n\t\t\t\t<div class=\"elementor-widget-container\">\n\t\t\t<h1 class=\"elementor-heading-title elementor-size-default\">Beaut\u00e9 Passionn\u00e9e: Deja que nuestro Blog de Belleza te ayude a revelar tu resplandor<\/h1>\t\t<\/div>\n\t\t\t\t<\/div>\n\t\t\t\t<div class=\"elementor-element elementor-element-4fbf8ee elementor-widget__width-initial elementor-widget elementor-widget-text-editor\" data-id=\"4fbf8ee\" data-element_type=\"widget\" data-widget_type=\"text-editor.default\">\n\t\t\t\t<div class=\"elementor-widget-container\">\n\t\t\t\t\t\t\t<p>En el mundo de la belleza, siempre hay algo que aprender y descubrir. <strong>Por eso nuestro blog de belleza est\u00e1 aqu\u00ed para ayudarte a revelar tu resplandor natural<\/strong>, con consejos pr\u00e1cticos, trucos originales y rutinas personalizadas. En este art\u00edculo, exploraremos distintos temas y t\u00e9cnicas para realzar tu cutis y sacar a relucir lo m\u00e1s preciado de ti: tu belleza \u00fanica. <\/p>\t\t\t\t\t\t<\/div>\n\t\t\t\t<\/div>\n\t\t\t\t\t<\/div>\n\t\t\t\t<\/div>\n\t\t\t\t<\/div>\n\t\t<div class=\"elementor-element elementor-element-676303a e-flex e-con-boxed e-con e-parent\" data-id=\"676303a\" data-element_type=\"container\">\n\t\t\t\t\t<div class=\"e-con-inner\">\n\t\t\t\t<div class=\"elementor-element elementor-element-9df5f0f elementor-widget elementor-widget-upk-snog-slider\" data-id=\"9df5f0f\" data-element_type=\"widget\" data-widget_type=\"upk-snog-slider.default\">\n\t\t\t\t<div class=\"elementor-widget-container\">\n\t\t\t\t\t<div class=\"upk-snog-slider-wrap\" id=\"upk-snog-slider-9df5f0f\">\n\t\t\t\t\t<div class=\"upk-snog-slider\" data-settings=\"{&quot;autoplay&quot;:{&quot;delay&quot;:5000},&quot;loop&quot;:true,&quot;speed&quot;:800,&quot;effect&quot;:&quot;slide&quot;,&quot;lazy&quot;:{&quot;loadPrevNext&quot;:&quot;true&quot;},&quot;slidesPerView&quot;:1,&quot;loopedSlides&quot;:4}\" data-widget-settings=\"{&quot;id&quot;:&quot;#upk-snog-slider-9df5f0f&quot;}\">\n\t\t\t<div class=\"upk-main-slider swiper\">\n                <div class=\"swiper-wrapper\">\n\t\t\t\t<div class=\"upk-item swiper-slide\">\n\t\t\t<div class=\"upk-image-wrap\">\n\t\t\t\t<img fetchpriority=\"high\" decoding=\"async\" width=\"800\" height=\"447\" src=\"https:\/\/eclatcosmetique.fr\/wp-content\/uploads\/2025\/08\/taches-brunes-sur-le-visage-1024x572.jpg\" class=\"upk-img\" alt=\"Manchas marrones en la cara: causas, tipos y soluciones\" \/>\t\t\t<\/div>\n\t\t<\/div>\n\t\t\t\t<div class=\"upk-item swiper-slide\">\n\t\t\t<div class=\"upk-image-wrap\">\n\t\t\t\t<img decoding=\"async\" width=\"800\" height=\"447\" src=\"https:\/\/eclatcosmetique.fr\/wp-content\/uploads\/2025\/08\/comment-choisir-le-jean-1024x572.jpg\" class=\"upk-img\" alt=\"C\u00f3mo elegir el pantal\u00f3n vaquero perfecto para hombre: gu\u00eda de compra online\" \/>\t\t\t<\/div>\n\t\t<\/div>\n\t\t\t\t<div class=\"upk-item swiper-slide\">\n\t\t\t<div class=\"upk-image-wrap\">\n\t\t\t\t<img decoding=\"async\" width=\"800\" height=\"447\" src=\"https:\/\/eclatcosmetique.fr\/wp-content\/uploads\/2025\/06\/0pnpYDnwvA0k7zIkgbeOz_9833eb8caa204312af92c3eb15c6dbcc-1024x572.jpg\" class=\"upk-img\" alt=\"\u00bfPor qu\u00e9 puede doler una cicatriz y qu\u00e9 se puede hacer al respecto?\" \/>\t\t\t<\/div>\n\t\t<\/div>\n\t\t\t\t<div class=\"upk-item swiper-slide\">\n\t\t\t<div class=\"upk-image-wrap\">\n\t\t\t\t<img loading=\"lazy\" decoding=\"async\" width=\"800\" height=\"450\" src=\"https:\/\/eclatcosmetique.fr\/wp-content\/uploads\/2024\/12\/6oHMVwpAcewcPPU97K8nb_308c3b2c50bf45fa92a6187e2c768068.jpg\" class=\"upk-img\" alt=\"\u00bfCu\u00e1les son los mejores principios activos para hidratar la piel en profundidad?\" \/>\t\t\t<\/div>\n\t\t<\/div>\n\t\t\t\t<div class=\"upk-item swiper-slide\">\n\t\t\t<div class=\"upk-image-wrap\">\n\t\t\t\t<img loading=\"lazy\" decoding=\"async\" width=\"800\" height=\"450\" src=\"https:\/\/eclatcosmetique.fr\/wp-content\/uploads\/2024\/11\/image.jpeg\" class=\"upk-img\" alt=\"Manchas marrones en la piel: cuidados preventivos y curativos\" \/>\t\t\t<\/div>\n\t\t<\/div>\n\t\t\t\t\t\t\t\n\t\t\t\t<\/div>\n\t\t\t\t\n\t\t\t<\/div>\n\t\t<\/div>\n\n\t\t\t\t\t<div thumbsSlider=\"\" class=\"upk-snog-thumbs swiper\">\n\t\t\t\t<div class=\"swiper-wrapper\">\n\t\t\t\t\t\t\t<div class=\"upk-item swiper-slide\">\n\t\t    <div class=\"upk-image-wrap\">\n\t\t\t\t<img fetchpriority=\"high\" decoding=\"async\" width=\"800\" height=\"447\" src=\"https:\/\/eclatcosmetique.fr\/wp-content\/uploads\/2025\/08\/taches-brunes-sur-le-visage-1024x572.jpg\" class=\"upk-img\" alt=\"Manchas marrones en la cara: causas, tipos y soluciones\" \/>\t\t\t<\/div>\n\t\t<\/div>\n\t\t\t\t<div class=\"upk-item swiper-slide\">\n\t\t    <div class=\"upk-image-wrap\">\n\t\t\t\t<img decoding=\"async\" width=\"800\" height=\"447\" src=\"https:\/\/eclatcosmetique.fr\/wp-content\/uploads\/2025\/08\/comment-choisir-le-jean-1024x572.jpg\" class=\"upk-img\" alt=\"C\u00f3mo elegir el pantal\u00f3n vaquero perfecto para hombre: gu\u00eda de compra online\" \/>\t\t\t<\/div>\n\t\t<\/div>\n\t\t\t\t<div class=\"upk-item swiper-slide\">\n\t\t    <div class=\"upk-image-wrap\">\n\t\t\t\t<img decoding=\"async\" width=\"800\" height=\"447\" src=\"https:\/\/eclatcosmetique.fr\/wp-content\/uploads\/2025\/06\/0pnpYDnwvA0k7zIkgbeOz_9833eb8caa204312af92c3eb15c6dbcc-1024x572.jpg\" class=\"upk-img\" alt=\"\u00bfPor qu\u00e9 puede doler una cicatriz y qu\u00e9 se puede hacer al respecto?\" \/>\t\t\t<\/div>\n\t\t<\/div>\n\t\t\t\t<div class=\"upk-item swiper-slide\">\n\t\t    <div class=\"upk-image-wrap\">\n\t\t\t\t<img loading=\"lazy\" decoding=\"async\" width=\"800\" height=\"450\" src=\"https:\/\/eclatcosmetique.fr\/wp-content\/uploads\/2024\/12\/6oHMVwpAcewcPPU97K8nb_308c3b2c50bf45fa92a6187e2c768068.jpg\" class=\"upk-img\" alt=\"\u00bfCu\u00e1les son los mejores principios activos para hidratar la piel en profundidad?\" \/>\t\t\t<\/div>\n\t\t<\/div>\n\t\t\t\t<div class=\"upk-item swiper-slide\">\n\t\t    <div class=\"upk-image-wrap\">\n\t\t\t\t<img loading=\"lazy\" decoding=\"async\" width=\"800\" height=\"450\" src=\"https:\/\/eclatcosmetique.fr\/wp-content\/uploads\/2024\/11\/image.jpeg\" class=\"upk-img\" alt=\"Manchas marrones en la piel: cuidados preventivos y curativos\" \/>\t\t\t<\/div>\n\t\t<\/div>\n\t\t\t\t\t\t<\/div>\n\t\t\t<\/div>\n\n\t\t\t<div class=\"upk-content-slider swiper\">\n\t\t\t\t\t<div class=\"swiper-wrapper\">\n\t\t\t\t\t\t\t\t<div class=\"upk-item swiper-slide\">\n\t\t\t<div class=\"upk-content-wrap\">\n\t\t\t   <div class=\"upk-inner-content\">\n\t\t\t\t\t\t\t\t<div data-swiper-parallax-x =\"-60\" data-swiper-parallax-duration=\"500\">\n\t\t\t\t\t\t\t<div class=\"upk-category\">\n\t\t\t<a href=\"https:\/\/eclatcosmetique.fr\/es\/belleza\/\">Belleza<\/a>\t\t<\/div>\n\t\t\t\t\t<\/div>\n\t\t\t\t\n\t\t\t\t\n\t\t\t\t\t\t\t\t<div data-swiper-parallax-x =\"-60\" data-swiper-parallax-duration=\"700\">\n\t\t\t\t\t<h2 class=\"upk-title\"><a href=\"https:\/\/eclatcosmetique.fr\/es\/manchas-marrones-en-la-cara-causas-tipos-y-soluciones\/\" title=\"Manchas marrones en la cara: causas, tipos y soluciones\" class=\"title-animation-default\" >Manchas marrones en la cara: causas, tipos y soluciones<\/a><\/h2>\t\t\t\t<\/div>\n\t\t\t\t\n\t\t\t\t\n\t\t\t\t\t\t\t\t\t<div class=\"upk-link-btn\" data-swiper-parallax-x =\"-60\" data-swiper-parallax-duration=\"800\">\n\t\t\t\t\t\t<a href=\"https:\/\/eclatcosmetique.fr\/es\/manchas-marrones-en-la-cara-causas-tipos-y-soluciones\/\">\n\t\t\t\t\t\t\t<span>Lire le suite<\/span>\n\t\t\t\t\t\t<\/a>\n\t\t\t\t\t<\/div>\n\t\t\t\t\n\t\t\t\t<\/div>\n\t\t\t<\/div>\n\t\t<\/div>\n\t\t\t\t<div class=\"upk-item swiper-slide\">\n\t\t\t<div class=\"upk-content-wrap\">\n\t\t\t   <div class=\"upk-inner-content\">\n\t\t\t\t\t\t\t\t<div data-swiper-parallax-x =\"-60\" data-swiper-parallax-duration=\"500\">\n\t\t\t\t\t\t\t<div class=\"upk-category\">\n\t\t\t<a href=\"https:\/\/eclatcosmetique.fr\/es\/modo\/\">Modo<\/a>\t\t<\/div>\n\t\t\t\t\t<\/div>\n\t\t\t\t\n\t\t\t\t\n\t\t\t\t\t\t\t\t<div data-swiper-parallax-x =\"-60\" data-swiper-parallax-duration=\"700\">\n\t\t\t\t\t<h2 class=\"upk-title\"><a href=\"https:\/\/eclatcosmetique.fr\/es\/como-elegir-el-pantalon-vaquero-perfecto-para-hombre-guia-de-compra-online\/\" title=\"C\u00f3mo elegir el pantal\u00f3n vaquero perfecto para hombre: gu\u00eda de compra online\" class=\"title-animation-default\" >C\u00f3mo elegir el pantal\u00f3n vaquero perfecto para hombre: gu\u00eda de compra online<\/a><\/h2>\t\t\t\t<\/div>\n\t\t\t\t\n\t\t\t\t\n\t\t\t\t\t\t\t\t\t<div class=\"upk-link-btn\" data-swiper-parallax-x =\"-60\" data-swiper-parallax-duration=\"800\">\n\t\t\t\t\t\t<a href=\"https:\/\/eclatcosmetique.fr\/es\/como-elegir-el-pantalon-vaquero-perfecto-para-hombre-guia-de-compra-online\/\">\n\t\t\t\t\t\t\t<span>Lire le suite<\/span>\n\t\t\t\t\t\t<\/a>\n\t\t\t\t\t<\/div>\n\t\t\t\t\n\t\t\t\t<\/div>\n\t\t\t<\/div>\n\t\t<\/div>\n\t\t\t\t<div class=\"upk-item swiper-slide\">\n\t\t\t<div class=\"upk-content-wrap\">\n\t\t\t   <div class=\"upk-inner-content\">\n\t\t\t\t\t\t\t\t<div data-swiper-parallax-x =\"-60\" data-swiper-parallax-duration=\"500\">\n\t\t\t\t\t\t\t<div class=\"upk-category\">\n\t\t\t<a href=\"https:\/\/eclatcosmetique.fr\/es\/bienestar\/\">Bienestar<\/a>\t\t<\/div>\n\t\t\t\t\t<\/div>\n\t\t\t\t\n\t\t\t\t\n\t\t\t\t\t\t\t\t<div data-swiper-parallax-x =\"-60\" data-swiper-parallax-duration=\"700\">\n\t\t\t\t\t<h2 class=\"upk-title\"><a href=\"https:\/\/eclatcosmetique.fr\/es\/por-que-puede-doler-una-cicatriz-y-que-se-puede-hacer-al-respecto\/\" title=\"\u00bfPor qu\u00e9 puede doler una cicatriz y qu\u00e9 se puede hacer al respecto?\" class=\"title-animation-default\" >\u00bfPor qu\u00e9 puede doler una cicatriz y qu\u00e9 se puede hacer al respecto?<\/a><\/h2>\t\t\t\t<\/div>\n\t\t\t\t\n\t\t\t\t\n\t\t\t\t\t\t\t\t\t<div class=\"upk-link-btn\" data-swiper-parallax-x =\"-60\" data-swiper-parallax-duration=\"800\">\n\t\t\t\t\t\t<a href=\"https:\/\/eclatcosmetique.fr\/es\/por-que-puede-doler-una-cicatriz-y-que-se-puede-hacer-al-respecto\/\">\n\t\t\t\t\t\t\t<span>Lire le suite<\/span>\n\t\t\t\t\t\t<\/a>\n\t\t\t\t\t<\/div>\n\t\t\t\t\n\t\t\t\t<\/div>\n\t\t\t<\/div>\n\t\t<\/div>\n\t\t\t\t<div class=\"upk-item swiper-slide\">\n\t\t\t<div class=\"upk-content-wrap\">\n\t\t\t   <div class=\"upk-inner-content\">\n\t\t\t\t\t\t\t\t<div data-swiper-parallax-x =\"-60\" data-swiper-parallax-duration=\"500\">\n\t\t\t\t\t\t\t<div class=\"upk-category\">\n\t\t\t<a href=\"https:\/\/eclatcosmetique.fr\/es\/atencion\/\">Atenci\u00f3n<\/a> <a href=\"https:\/\/eclatcosmetique.fr\/es\/bienestar\/\">Bienestar<\/a>\t\t<\/div>\n\t\t\t\t\t<\/div>\n\t\t\t\t\n\t\t\t\t\n\t\t\t\t\t\t\t\t<div data-swiper-parallax-x =\"-60\" data-swiper-parallax-duration=\"700\">\n\t\t\t\t\t<h2 class=\"upk-title\"><a href=\"https:\/\/eclatcosmetique.fr\/es\/cuales-son-los-mejores-principios-activos-para-hidratar-la-piel-en-profundidad\/\" title=\"\u00bfCu\u00e1les son los mejores principios activos para hidratar la piel en profundidad?\" class=\"title-animation-default\" >\u00bfCu\u00e1les son los mejores principios activos para hidratar la piel en profundidad?<\/a><\/h2>\t\t\t\t<\/div>\n\t\t\t\t\n\t\t\t\t\n\t\t\t\t\t\t\t\t\t<div class=\"upk-link-btn\" data-swiper-parallax-x =\"-60\" data-swiper-parallax-duration=\"800\">\n\t\t\t\t\t\t<a href=\"https:\/\/eclatcosmetique.fr\/es\/cuales-son-los-mejores-principios-activos-para-hidratar-la-piel-en-profundidad\/\">\n\t\t\t\t\t\t\t<span>Lire le suite<\/span>\n\t\t\t\t\t\t<\/a>\n\t\t\t\t\t<\/div>\n\t\t\t\t\n\t\t\t\t<\/div>\n\t\t\t<\/div>\n\t\t<\/div>\n\t\t\t\t<div class=\"upk-item swiper-slide\">\n\t\t\t<div class=\"upk-content-wrap\">\n\t\t\t   <div class=\"upk-inner-content\">\n\t\t\t\t\t\t\t\t<div data-swiper-parallax-x =\"-60\" data-swiper-parallax-duration=\"500\">\n\t\t\t\t\t\t\t<div class=\"upk-category\">\n\t\t\t<a href=\"https:\/\/eclatcosmetique.fr\/es\/atencion\/\">Atenci\u00f3n<\/a> <a href=\"https:\/\/eclatcosmetique.fr\/es\/bienestar\/\">Bienestar<\/a>\t\t<\/div>\n\t\t\t\t\t<\/div>\n\t\t\t\t\n\t\t\t\t\n\t\t\t\t\t\t\t\t<div data-swiper-parallax-x =\"-60\" data-swiper-parallax-duration=\"700\">\n\t\t\t\t\t<h2 class=\"upk-title\"><a href=\"https:\/\/eclatcosmetique.fr\/es\/manchas-marrones-en-la-piel-cuidados-preventivos-y-curativos\/\" title=\"Manchas marrones en la piel: cuidados preventivos y curativos\" class=\"title-animation-default\" >Manchas marrones en la piel: cuidados preventivos y curativos<\/a><\/h2>\t\t\t\t<\/div>\n\t\t\t\t\n\t\t\t\t\n\t\t\t\t\t\t\t\t\t<div class=\"upk-link-btn\" data-swiper-parallax-x =\"-60\" data-swiper-parallax-duration=\"800\">\n\t\t\t\t\t\t<a href=\"https:\/\/eclatcosmetique.fr\/es\/manchas-marrones-en-la-piel-cuidados-preventivos-y-curativos\/\">\n\t\t\t\t\t\t\t<span>Lire le suite<\/span>\n\t\t\t\t\t\t<\/a>\n\t\t\t\t\t<\/div>\n\t\t\t\t\n\t\t\t\t<\/div>\n\t\t\t<\/div>\n\t\t<\/div>\n\t\t\t\t\t\t\t<\/div>\n\n\t\t\t\t\t\t\t\t\t\t<div class=\"upk-navigation-wrap\"> \n\t\t\t\t\t\t<div class=\"upk-nav-btn upk-navigation-prev\">\n\t\t\t\t\t\t\t<i class=\"upk-icon-arrow-left-15\" aria-hidden=\"true\"><\/i>\n\t\t\t\t\t\t<\/div>\n\t\t\t\t\t\t<div class=\"upk-nav-btn upk-navigation-next\">\n\t\t\t\t\t\t\t<i class=\"upk-icon-arrow-right-15\" aria-hidden=\"true\"><\/i>\n\t\t\t\t\t\t<\/div>\n\t\t\t\t\t<\/div> \n\t\t\t\t\t\t\t<\/div>\n\n       <\/div>\n\n\t\t\t\t<\/div>\n\t\t\t\t<\/div>\n\t\t\t\t\t<\/div>\n\t\t\t\t<\/div>\n\t\t<div class=\"elementor-element elementor-element-70b5b36 e-flex e-con-boxed e-con e-parent\" data-id=\"70b5b36\" data-element_type=\"container\" data-settings=\"{&quot;background_background&quot;:&quot;classic&quot;}\">\n\t\t\t\t\t<div class=\"e-con-inner\">\n\t\t<div class=\"elementor-element elementor-element-022b2f8 e-flex e-con-boxed e-con e-child\" data-id=\"022b2f8\" data-element_type=\"container\">\n\t\t\t\t\t<div class=\"e-con-inner\">\n\t\t\t\t<div class=\"elementor-element elementor-element-c9c8dd7 elementor-widget elementor-widget-heading\" data-id=\"c9c8dd7\" data-element_type=\"widget\" data-widget_type=\"heading.default\">\n\t\t\t\t<div class=\"elementor-widget-container\">\n\t\t\t<h2 class=\"elementor-heading-title elementor-size-default\">El poder de una rutina de belleza <br>adaptada a tus necesidades<\/h2>\t\t<\/div>\n\t\t\t\t<\/div>\n\t\t\t\t<div class=\"elementor-element elementor-element-7bd6496 elementor-widget elementor-widget-text-editor\" data-id=\"7bd6496\" data-element_type=\"widget\" data-widget_type=\"text-editor.default\">\n\t\t\t\t<div class=\"elementor-widget-container\">\n\t\t\t\t\t\t\t<p>Si crees que no necesitas una rutina de belleza, \u00a1pi\u00e9nsalo otra vez! Una rutina bien pensada puede ayudarte a prevenir problemas cut\u00e1neos, mejorar la calidad de tu cutis y hacer que te sientas mejor con tu cuerpo cada d\u00eda. <strong>Es esencial elegir productos adaptados a tu tipo de piel y a tus preocupaciones espec\u00edficas<\/strong>. <\/p>\t\t\t\t\t\t<\/div>\n\t\t\t\t<\/div>\n\t\t\t\t\t<\/div>\n\t\t\t\t<\/div>\n\t\t\t\t\t<\/div>\n\t\t\t\t<\/div>\n\t\t<div class=\"elementor-element elementor-element-89517d3 e-flex e-con-boxed e-con e-parent\" data-id=\"89517d3\" data-element_type=\"container\" data-settings=\"{&quot;background_background&quot;:&quot;classic&quot;,&quot;shape_divider_bottom&quot;:&quot;mountains&quot;,&quot;shape_divider_top&quot;:&quot;curve&quot;,&quot;shape_divider_top_negative&quot;:&quot;yes&quot;}\">\n\t\t\t\t\t<div class=\"e-con-inner\">\n\t\t\t\t<div class=\"elementor-shape elementor-shape-top\" data-negative=\"true\">\n\t\t\t<svg xmlns=\"http:\/\/www.w3.org\/2000\/svg\" viewBox=\"0 0 1000 100\" preserveAspectRatio=\"none\">\n\t<path class=\"elementor-shape-fill\" d=\"M500,97C126.7,96.3,0.8,19.8,0,0v100l1000,0V1C1000,19.4,873.3,97.8,500,97z\"\/>\n<\/svg>\t\t<\/div>\n\t\t\t\t<div class=\"elementor-shape elementor-shape-bottom\" data-negative=\"false\">\n\t\t\t<svg xmlns=\"http:\/\/www.w3.org\/2000\/svg\" viewBox=\"0 0 1000 100\" preserveAspectRatio=\"none\">\n\t<path class=\"elementor-shape-fill\" opacity=\"0.33\" d=\"M473,67.3c-203.9,88.3-263.1-34-320.3,0C66,119.1,0,59.7,0,59.7V0h1000v59.7 c0,0-62.1,26.1-94.9,29.3c-32.8,3.3-62.8-12.3-75.8-22.1C806,49.6,745.3,8.7,694.9,4.7S492.4,59,473,67.3z\"\/>\n\t<path class=\"elementor-shape-fill\" opacity=\"0.66\" d=\"M734,67.3c-45.5,0-77.2-23.2-129.1-39.1c-28.6-8.7-150.3-10.1-254,39.1 s-91.7-34.4-149.2,0C115.7,118.3,0,39.8,0,39.8V0h1000v36.5c0,0-28.2-18.5-92.1-18.5C810.2,18.1,775.7,67.3,734,67.3z\"\/>\n\t<path class=\"elementor-shape-fill\" d=\"M766.1,28.9c-200-57.5-266,65.5-395.1,19.5C242,1.8,242,5.4,184.8,20.6C128,35.8,132.3,44.9,89.9,52.5C28.6,63.7,0,0,0,0 h1000c0,0-9.9,40.9-83.6,48.1S829.6,47,766.1,28.9z\"\/>\n<\/svg>\t\t<\/div>\n\t\t<div class=\"elementor-element elementor-element-42c1048 e-con-full e-flex e-con e-child\" data-id=\"42c1048\" data-element_type=\"container\">\n\t\t\t\t<div class=\"elementor-element elementor-element-b848170 elementor-widget elementor-widget-image\" data-id=\"b848170\" data-element_type=\"widget\" data-widget_type=\"image.default\">\n\t\t\t\t<div class=\"elementor-widget-container\">\n\t\t\t\t\t\t\t\t\t\t\t\t\t<img loading=\"lazy\" decoding=\"async\" width=\"800\" height=\"960\" src=\"https:\/\/eclatcosmetique.fr\/wp-content\/uploads\/2023\/11\/le-henne-neutre-une-option-naturelle-pour-vos-cheveux-2.jpg\" class=\"attachment-large size-large wp-image-1036\" alt=\"secretos de belleza\" \/>\t\t\t\t\t\t\t\t\t\t\t\t\t<\/div>\n\t\t\t\t<\/div>\n\t\t\t\t<\/div>\n\t\t<div class=\"elementor-element elementor-element-7ba1ff1 e-flex e-con-boxed e-con e-child\" data-id=\"7ba1ff1\" data-element_type=\"container\">\n\t\t\t\t\t<div class=\"e-con-inner\">\n\t\t\t\t<div class=\"elementor-element elementor-element-0d5ecae elementor-hidden-mobile elementor-widget elementor-widget-heading\" data-id=\"0d5ecae\" data-element_type=\"widget\" data-widget_type=\"heading.default\">\n\t\t\t\t<div class=\"elementor-widget-container\">\n\t\t\t<h3 class=\"elementor-heading-title elementor-size-default\">\u00bfPor qu\u00e9 adoptar una rutina de belleza?<\/h3>\t\t<\/div>\n\t\t\t\t<\/div>\n\t\t\t\t<div class=\"elementor-element elementor-element-b69fc78 elementor-hidden-desktop elementor-hidden-tablet elementor-widget elementor-widget-heading\" data-id=\"b69fc78\" data-element_type=\"widget\" data-widget_type=\"heading.default\">\n\t\t\t\t<div class=\"elementor-widget-container\">\n\t\t\t<h3 class=\"elementor-heading-title elementor-size-default\">\u00bfPor qu\u00e9 adoptar <br>una rutina de belleza?<\/h3>\t\t<\/div>\n\t\t\t\t<\/div>\n\t\t\t\t<div class=\"elementor-element elementor-element-3b144e9 elementor-widget elementor-widget-text-editor\" data-id=\"3b144e9\" data-element_type=\"widget\" data-widget_type=\"text-editor.default\">\n\t\t\t\t<div class=\"elementor-widget-container\">\n\t\t\t\t\t\t\t<p>Al igual que nuestro cuerpo necesita alimentarse regularmente para gozar de buena salud, nuestra piel tambi\u00e9n necesita mimos a diario. De hecho, es cuidando nuestra piel todos los d\u00edas como podemos conseguir resultados visibles a largo plazo. Una rutina de belleza consiste en utilizar productos espec\u00edficos y llevar a cabo determinados pasos para limpiar, purificar, hidratar, proteger y realzar nuestra piel. Al igual que nuestro cuerpo necesita alimentarse regularmente para gozar de buena salud, nuestra piel tambi\u00e9n necesita que la mimemos a diario. De hecho, es cuidando nuestra piel todos los d\u00edas como podemos conseguir resultados visibles a largo plazo. Una rutina de belleza consiste en utilizar productos espec\u00edficos y realizar determinados pasos para limpiar, purificar, hidratar, proteger y realzar nuestra piel.    <\/p>\t\t\t\t\t\t<\/div>\n\t\t\t\t<\/div>\n\t\t\t\t<div class=\"elementor-element elementor-element-379eb1a elementor-widget elementor-widget-heading\" data-id=\"379eb1a\" data-element_type=\"widget\" data-widget_type=\"heading.default\">\n\t\t\t\t<div class=\"elementor-widget-container\">\n\t\t\t<h3 class=\"elementor-heading-title elementor-size-default\">\u00bfC\u00f3mo creas una rutina de belleza adecuada para ti?<\/h3>\t\t<\/div>\n\t\t\t\t<\/div>\n\t\t\t\t<div class=\"elementor-element elementor-element-17142f0 elementor-widget elementor-widget-text-editor\" data-id=\"17142f0\" data-element_type=\"widget\" data-widget_type=\"text-editor.default\">\n\t\t\t\t<div class=\"elementor-widget-container\">\n\t\t\t\t\t\t\t<p>Para elaborar tu rutina de belleza, es importante que tengas en cuenta tu tipo de piel (seca, mixta, grasa, sensible) y tus preocupaciones espec\u00edficas (acn\u00e9, arrugas, manchas pigmentarias, etc.). Tambi\u00e9n puedes averiguar qu\u00e9 ingredientes se corresponden con tus necesidades y buscar productos que contengan estos principios activos. No olvides que lo <strong>m\u00e1s importante es aplicar tu rutina con regularidad<\/strong>, para que puedas ver los efectos beneficiosos a largo plazo.  <\/p>\t\t\t\t\t\t<\/div>\n\t\t\t\t<\/div>\n\t\t\t\t\t<\/div>\n\t\t\t\t<\/div>\n\t\t\t\t\t<\/div>\n\t\t\t\t<\/div>\n\t\t<div class=\"elementor-element elementor-element-cdab273 e-flex e-con-boxed e-con e-parent\" data-id=\"cdab273\" data-element_type=\"container\">\n\t\t\t\t\t<div class=\"e-con-inner\">\n\t\t\t\t<div class=\"elementor-element elementor-element-be22065 section-title-style-style4 elementor-widget elementor-widget-tpg-section-title\" data-id=\"be22065\" data-element_type=\"widget\" data-widget_type=\"tpg-section-title.default\">\n\t\t\t\t<div class=\"elementor-widget-container\">\n\t\t\t\t\t<div class=\"rt-container-fluid rt-tpg-container tpg-el-main-wrapper clearfix  section-title-style-style4 has-external-link\">\n\t\t\t<div class='tpg-header-wrapper'>\n        <div class=\"tpg-widget-heading-wrapper rt-clear heading-style4 \">\n            <span class=\"tpg-widget-heading-line line-left\"><\/span>\n\t\t\t<h2 class='tpg-widget-heading'>\n\t\t\t\n\t\t\t\t                    <span>\n\t\t\t\t\t\tCheveux\t\t\t\t\t<\/span>\n\t\t\t\t\t\n\t\t\t\t\t\t\t<\/h2>            <span class=\"tpg-widget-heading-line line-right\"><\/span>\n\n\t\t\t                <a class='external-link' href='\/cheveux\/'>\n\t\t\t\t\t                        <span class=\"external-lable\">Voir la cat\u00e9gorie<\/span>\n\t\t\t\t\t\t\t\t\t\t<i class='left-icon fas fa-angle-right left-icon'><\/i>                <\/a>\n\t\t\t\n        <\/div>\n\n\t\t\n\t\t<\/div>\t\t<\/div>\n\t\t\t\t<\/div>\n\t\t\t\t<\/div>\n\t\t\t\t<div class=\"elementor-element elementor-element-f2987bd upk-global-link-yes upk-item-match-height--yes upk-navigation-type-arrows upk-carousel-style-carousel elementor-widget elementor-widget-upk-maple-carousel\" data-id=\"f2987bd\" data-element_type=\"widget\" data-widget_type=\"upk-maple-carousel.default\">\n\t\t\t\t<div class=\"elementor-widget-container\">\n\t\t\t\t\t<div id=\"upk-maple-carousel-f2987bd\" class=\"upk-maple-carousel upk-arrows-align-center\" data-settings=\"{&quot;autoplay&quot;:{&quot;delay&quot;:5000},&quot;speed&quot;:500,&quot;pauseOnHover&quot;:true,&quot;slidesPerView&quot;:1,&quot;slidesPerGroup&quot;:1,&quot;spaceBetween&quot;:20,&quot;effect&quot;:&quot;carousel&quot;,&quot;direction&quot;:&quot;horizontal&quot;,&quot;watchSlidesVisibility&quot;:true,&quot;watchSlidesProgress&quot;:true,&quot;breakpoints&quot;:{&quot;767&quot;:{&quot;slidesPerView&quot;:2,&quot;spaceBetween&quot;:20,&quot;slidesPerGroup&quot;:1},&quot;1023&quot;:{&quot;slidesPerView&quot;:3,&quot;spaceBetween&quot;:20,&quot;slidesPerGroup&quot;:1}},&quot;navigation&quot;:{&quot;nextEl&quot;:&quot;#upk-maple-carousel-f2987bd .upk-navigation-next&quot;,&quot;prevEl&quot;:&quot;#upk-maple-carousel-f2987bd .upk-navigation-prev&quot;},&quot;pagination&quot;:{&quot;el&quot;:&quot;#upk-maple-carousel-f2987bd .swiper-pagination&quot;,&quot;type&quot;:&quot;&quot;,&quot;clickable&quot;:&quot;true&quot;,&quot;dynamicBullets&quot;:false},&quot;scrollbar&quot;:{&quot;el&quot;:&quot;#upk-maple-carousel-f2987bd .swiper-scrollbar&quot;,&quot;hide&quot;:&quot;true&quot;},&quot;coverflowEffect&quot;:{&quot;rotate&quot;:50,&quot;stretch&quot;:0,&quot;depth&quot;:100,&quot;modifier&quot;:1,&quot;slideShadows&quot;:true}}\">\n\t\t\t<div class=\"upk-post-grid\">\n\t\t\t\t<div class=\"swiper-carousel swiper\">\n\t\t\t\t\t<div class=\"swiper-wrapper\">\n\t\t\t\t\t\t\t\t\t\t\t<div onclick=\"window.open(&#039;https:\/\/eclatcosmetique.fr\/es\/picor-del-cuero-cabelludo-consejos-para-un-alivio-rapido-y-duradero\/&#039;, &#039;_self&#039;)\" class=\"upk-item swiper-slide upk-transition-toggle\">\n\t\t\t\t\t\t\t<div class=\"upk-item-box\">\n\t\t\t\t\t\t\t\t<div class=\"upk-img-wrap\">\n\t\t\t\t\t\t\t\t\t<div class=\"upk-main-image\">\n\t\t\t\t\t\t\t\t\t\t\t\t<img decoding=\"async\" class=\"upk-img\" src=\"https:\/\/eclatcosmetique.fr\/wp-content\/uploads\/2024\/11\/image-2.jpeg\" alt=\"Picor del cuero cabelludo: consejos para un alivio r\u00e1pido y duradero\">\n\t\t\t\t\t\t\t\t\t\t<\/div>\n\n\t\t\t\t\t\t\t\t\t\t\t<div class=\"upk-post-format\">\n\t\t\t<a href=\"https:\/\/eclatcosmetique.fr\/es\/picor-del-cuero-cabelludo-consejos-para-un-alivio-rapido-y-duradero\/\">\n\t\t\t\t\t\t\t\t\t<i class=\"upk-icon-post\" aria-hidden=\"true\"><\/i>\n\t\t\t\t\t\t\t<\/a>\n\t\t<\/div>\n\t\t\t\t\t\t\t\t\t\t\n\t\t\t\t\t\t\t\t<\/div>\n\n\t\t\t\t\t\t\t\t<div class=\"upk-content\">\n\n\t\t\t\t\t\t\t\t\t\n\t\t\t\t\t\t\t\t\t<h3 class=\"upk-title\"><a href=\"https:\/\/eclatcosmetique.fr\/es\/picor-del-cuero-cabelludo-consejos-para-un-alivio-rapido-y-duradero\/\" title=\"Picor del cuero cabelludo: consejos para un alivio r\u00e1pido y duradero\">Picor del cuero cabelludo: consejos para un alivio r\u00e1pido y duradero<\/a><\/h3>\n\t\t\t\t\t\t\t\t\t\t\t<div class=\"upk-text\">\n\t\t\t<p>\u00bfTe rascas constantemente la cabeza y te preguntas c\u00f3mo aliviar ese molesto picor del cuero<\/p>\n\t\t<\/div>\n\t\t\t\t\t\t\t\t\t<\/div>\n\t\t\t\t\t\t\t<\/div>\n\t\t\t\t\t\t<\/div>\n\t\t\t\t\t\t\t\t\t\t<div onclick=\"window.open(&#039;https:\/\/eclatcosmetique.fr\/es\/descubre-el-champu-purpura-el-aliado-perfecto-para-el-cabello-rubio\/&#039;, &#039;_self&#039;)\" class=\"upk-item swiper-slide upk-transition-toggle\">\n\t\t\t\t\t\t\t<div class=\"upk-item-box\">\n\t\t\t\t\t\t\t\t<div class=\"upk-img-wrap\">\n\t\t\t\t\t\t\t\t\t<div class=\"upk-main-image\">\n\t\t\t\t\t\t\t\t\t\t\t\t<img decoding=\"async\" class=\"upk-img\" src=\"https:\/\/eclatcosmetique.fr\/wp-content\/uploads\/2023\/10\/decouvrez-le-shampoing-violet-lallie-des-cheveux-blonds-1.jpg\" alt=\"Descubre el champ\u00fa p\u00farpura, el aliado perfecto para el cabello rubio\">\n\t\t\t\t\t\t\t\t\t\t<\/div>\n\n\t\t\t\t\t\t\t\t\t\t\t<div class=\"upk-post-format\">\n\t\t\t<a href=\"https:\/\/eclatcosmetique.fr\/es\/descubre-el-champu-purpura-el-aliado-perfecto-para-el-cabello-rubio\/\">\n\t\t\t\t\t\t\t\t\t<i class=\"upk-icon-post\" aria-hidden=\"true\"><\/i>\n\t\t\t\t\t\t\t<\/a>\n\t\t<\/div>\n\t\t\t\t\t\t\t\t\t\t\n\t\t\t\t\t\t\t\t<\/div>\n\n\t\t\t\t\t\t\t\t<div class=\"upk-content\">\n\n\t\t\t\t\t\t\t\t\t\n\t\t\t\t\t\t\t\t\t<h3 class=\"upk-title\"><a href=\"https:\/\/eclatcosmetique.fr\/es\/descubre-el-champu-purpura-el-aliado-perfecto-para-el-cabello-rubio\/\" title=\"Descubre el champ\u00fa p\u00farpura, el aliado perfecto para el cabello rubio\">Descubre el champ\u00fa p\u00farpura, el aliado perfecto para el cabello rubio<\/a><\/h3>\n\t\t\t\t\t\t\t\t\t\t\t<div class=\"upk-text\">\n\t\t\t<p>\u00bfTienes el pelo rubio o con mechas rubias y quieres conservar la belleza de tu<\/p>\n\t\t<\/div>\n\t\t\t\t\t\t\t\t\t<\/div>\n\t\t\t\t\t\t\t<\/div>\n\t\t\t\t\t\t<\/div>\n\t\t\t\t\t\t\t\t\t\t<div onclick=\"window.open(&#039;https:\/\/eclatcosmetique.fr\/es\/henna-neutra-una-opcion-natural-para-tu-pelo\/&#039;, &#039;_self&#039;)\" class=\"upk-item swiper-slide upk-transition-toggle\">\n\t\t\t\t\t\t\t<div class=\"upk-item-box\">\n\t\t\t\t\t\t\t\t<div class=\"upk-img-wrap\">\n\t\t\t\t\t\t\t\t\t<div class=\"upk-main-image\">\n\t\t\t\t\t\t\t\t\t\t\t\t<img decoding=\"async\" class=\"upk-img\" src=\"https:\/\/eclatcosmetique.fr\/wp-content\/uploads\/2023\/10\/le-henne-neutre-une-option-naturelle-pour-vos-cheveux-2.jpg\" alt=\"Henna neutra, una opci\u00f3n natural para tu pelo\">\n\t\t\t\t\t\t\t\t\t\t<\/div>\n\n\t\t\t\t\t\t\t\t\t\t\t<div class=\"upk-post-format\">\n\t\t\t<a href=\"https:\/\/eclatcosmetique.fr\/es\/henna-neutra-una-opcion-natural-para-tu-pelo\/\">\n\t\t\t\t\t\t\t\t\t<i class=\"upk-icon-post\" aria-hidden=\"true\"><\/i>\n\t\t\t\t\t\t\t<\/a>\n\t\t<\/div>\n\t\t\t\t\t\t\t\t\t\t\n\t\t\t\t\t\t\t\t<\/div>\n\n\t\t\t\t\t\t\t\t<div class=\"upk-content\">\n\n\t\t\t\t\t\t\t\t\t\n\t\t\t\t\t\t\t\t\t<h3 class=\"upk-title\"><a href=\"https:\/\/eclatcosmetique.fr\/es\/henna-neutra-una-opcion-natural-para-tu-pelo\/\" title=\"Henna neutra, una opci\u00f3n natural para tu pelo\">Henna neutra, una opci\u00f3n natural para tu pelo<\/a><\/h3>\n\t\t\t\t\t\t\t\t\t\t\t<div class=\"upk-text\">\n\t\t\t<p>Descubramos los beneficios y usos de la henna neutra, un producto natural que no ti\u00f1e<\/p>\n\t\t<\/div>\n\t\t\t\t\t\t\t\t\t<\/div>\n\t\t\t\t\t\t\t<\/div>\n\t\t\t\t\t\t<\/div>\n\t\t\t\t\t\t<\/div>\n\t\t\t\t<\/div>\n\t\t\n\t\t\t\t\t\t\t\t\t\t\t<div class=\"upk-position-z-index upk-position-center upk-visible@m\">\n\t\t\t\t<div class=\"upk-arrows-container upk-slidenav-container\">\n\t\t\t\t\t<div class=\"upk-navigation-prev\">\n\t\t\t\t\t\t<i class=\"upk-icon-arrow-left-0\" aria-hidden=\"true\"><\/i>\n\t\t\t\t\t<\/div>\n\t\t\t\t\t<div class=\"upk-navigation-next\">\n\t\t\t\t\t\t<i class=\"upk-icon-arrow-right-0\" aria-hidden=\"true\"><\/i>\n\t\t\t\t\t<\/div>\n\t\t\t\t<\/div>\n\t\t\t<\/div>\n\t\t\t\t\n\t\t<\/div>\n\t\t<\/div>\n\t\t\t\t<\/div>\n\t\t\t\t<\/div>\n\t\t\t\t\t<\/div>\n\t\t\t\t<\/div>\n\t\t<div class=\"elementor-element elementor-element-792680a e-flex e-con-boxed e-con e-parent\" data-id=\"792680a\" data-element_type=\"container\">\n\t\t\t\t\t<div class=\"e-con-inner\">\n\t\t\t\t<div class=\"elementor-element elementor-element-82829fc elementor-widget elementor-widget-heading\" data-id=\"82829fc\" data-element_type=\"widget\" data-widget_type=\"heading.default\">\n\t\t\t\t<div class=\"elementor-widget-container\">\n\t\t\t<h2 class=\"elementor-heading-title elementor-size-default\">Trucos y consejos para un cutis radiante<\/h2>\t\t<\/div>\n\t\t\t\t<\/div>\n\t\t\t\t<div class=\"elementor-element elementor-element-b93988b elementor-widget elementor-widget-text-editor\" data-id=\"b93988b\" data-element_type=\"widget\" data-widget_type=\"text-editor.default\">\n\t\t\t\t<div class=\"elementor-widget-container\">\n\t\t\t\t\t\t\t<p>Aqu\u00ed tienes algunos consejos y trucos que te ayudar\u00e1n a conseguir un cutis radiante. En primer lugar, es esencial establecer una rutina de cuidado de la piel adecuada a tu tipo de piel. Limpia tu rostro por la ma\u00f1ana y por la noche con un limpiador suave para eliminar las impurezas y preparar tu piel para el tratamiento.  <\/p>\t\t\t\t\t\t<\/div>\n\t\t\t\t<\/div>\n\t\t\t\t\t<\/div>\n\t\t\t\t<\/div>\n\t\t<div class=\"elementor-element elementor-element-aaab824 e-flex e-con-boxed e-con e-parent\" data-id=\"aaab824\" data-element_type=\"container\" data-settings=\"{&quot;background_background&quot;:&quot;classic&quot;}\">\n\t\t\t\t\t<div class=\"e-con-inner\">\n\t\t<div class=\"elementor-element elementor-element-734912c e-con-full e-flex e-con e-child\" data-id=\"734912c\" data-element_type=\"container\" data-settings=\"{&quot;background_background&quot;:&quot;classic&quot;}\">\n\t\t\t\t<div class=\"elementor-element elementor-element-7b0bb84 elementor-view-default elementor-position-top elementor-mobile-position-top elementor-widget elementor-widget-icon-box\" data-id=\"7b0bb84\" data-element_type=\"widget\" data-widget_type=\"icon-box.default\">\n\t\t\t\t<div class=\"elementor-widget-container\">\n\t\t\t\t\t<div class=\"elementor-icon-box-wrapper\">\n\n\t\t\t\t\t\t<div class=\"elementor-icon-box-icon\">\n\t\t\t\t<span  class=\"elementor-icon elementor-animation-\">\n\t\t\t\t<svg aria-hidden=\"true\" class=\"e-font-icon-svg e-fas-heart\" viewBox=\"0 0 512 512\" xmlns=\"http:\/\/www.w3.org\/2000\/svg\"><path d=\"M462.3 62.6C407.5 15.9 326 24.3 275.7 76.2L256 96.5l-19.7-20.3C186.1 24.3 104.5 15.9 49.7 62.6c-62.8 53.6-66.1 149.8-9.9 207.9l193.5 199.8c12.5 12.9 32.8 12.9 45.3 0l193.5-199.8c56.3-58.1 53-154.3-9.8-207.9z\"><\/path><\/svg>\t\t\t\t<\/span>\n\t\t\t<\/div>\n\t\t\t\n\t\t\t\t\t\t<div class=\"elementor-icon-box-content\">\n\n\t\t\t\t\t\t\t\t\t<h3 class=\"elementor-icon-box-title\">\n\t\t\t\t\t\t<span  >\n\t\t\t\t\t\t\tExfoliaci\u00f3n: la clave para un cutis fresco y radiante\t\t\t\t\t\t<\/span>\n\t\t\t\t\t<\/h3>\n\t\t\t\t\n\t\t\t\t\t\t\t\t\t<p class=\"elementor-icon-box-description\">\n\t\t\t\t\t\tEl primer consejo podr\u00eda ser la exfoliaci\u00f3n, que elimina las c\u00e9lulas muertas y las impurezas acumuladas en la superficie de la piel. Exfoliando suavemente la piel una o dos veces por semana, estimulas la renovaci\u00f3n celular y favoreces la penetraci\u00f3n de los productos de cuidado cut\u00e1neo que apliques despu\u00e9s. El resultado: tu cutis est\u00e1 m\u00e1s luminoso y tu piel parece m\u00e1s joven y fresca.  \t\t\t\t\t<\/p>\n\t\t\t\t\n\t\t\t<\/div>\n\t\t\t\n\t\t<\/div>\n\t\t\t\t<\/div>\n\t\t\t\t<\/div>\n\t\t\t\t<\/div>\n\t\t<div class=\"elementor-element elementor-element-6d40796 e-con-full e-flex e-con e-child\" data-id=\"6d40796\" data-element_type=\"container\" data-settings=\"{&quot;background_background&quot;:&quot;classic&quot;}\">\n\t\t\t\t<div class=\"elementor-element elementor-element-4623be8 elementor-view-default elementor-position-top elementor-mobile-position-top elementor-widget elementor-widget-icon-box\" data-id=\"4623be8\" data-element_type=\"widget\" data-widget_type=\"icon-box.default\">\n\t\t\t\t<div class=\"elementor-widget-container\">\n\t\t\t\t\t<div class=\"elementor-icon-box-wrapper\">\n\n\t\t\t\t\t\t<div class=\"elementor-icon-box-icon\">\n\t\t\t\t<span  class=\"elementor-icon elementor-animation-\">\n\t\t\t\t<svg aria-hidden=\"true\" class=\"e-font-icon-svg e-fas-heart\" viewBox=\"0 0 512 512\" xmlns=\"http:\/\/www.w3.org\/2000\/svg\"><path d=\"M462.3 62.6C407.5 15.9 326 24.3 275.7 76.2L256 96.5l-19.7-20.3C186.1 24.3 104.5 15.9 49.7 62.6c-62.8 53.6-66.1 149.8-9.9 207.9l193.5 199.8c12.5 12.9 32.8 12.9 45.3 0l193.5-199.8c56.3-58.1 53-154.3-9.8-207.9z\"><\/path><\/svg>\t\t\t\t<\/span>\n\t\t\t<\/div>\n\t\t\t\n\t\t\t\t\t\t<div class=\"elementor-icon-box-content\">\n\n\t\t\t\t\t\t\t\t\t<h3 class=\"elementor-icon-box-title\">\n\t\t\t\t\t\t<span  >\n\t\t\t\t\t\t\tLos beneficios de los aceites vegetales y esenciales para el cutis\t\t\t\t\t\t<\/span>\n\t\t\t\t\t<\/h3>\n\t\t\t\t\n\t\t\t\t\t\t\t\t\t<p class=\"elementor-icon-box-description\">\n\t\t\t\t\t\tLos aceites vegetales y esenciales son preciosos aliados para cuidar tu piel y mejorar tu cutis. Ricos en nutrientes, nutren, reparan y protegen la epidermis, dej\u00e1ndola flexible y suave. <strong>Elige aceites adecuados a tu tipo de piel y a tus necesidades espec\u00edficas<\/strong>, como el aceite de arg\u00e1n para la piel seca o el aceite de jojoba para la piel mixta. \t\t\t\t\t<\/p>\n\t\t\t\t\n\t\t\t<\/div>\n\t\t\t\n\t\t<\/div>\n\t\t\t\t<\/div>\n\t\t\t\t<\/div>\n\t\t\t\t<\/div>\n\t\t\t\t\t<\/div>\n\t\t\t\t<\/div>\n\t\t<div class=\"elementor-element elementor-element-16f0b26 e-flex e-con-boxed e-con e-parent\" data-id=\"16f0b26\" data-element_type=\"container\">\n\t\t\t\t\t<div class=\"e-con-inner\">\n\t\t\t\t<div class=\"elementor-element elementor-element-0dfe51c section-title-style-style4 elementor-widget elementor-widget-tpg-section-title\" data-id=\"0dfe51c\" data-element_type=\"widget\" data-widget_type=\"tpg-section-title.default\">\n\t\t\t\t<div class=\"elementor-widget-container\">\n\t\t\t\t\t<div class=\"rt-container-fluid rt-tpg-container tpg-el-main-wrapper clearfix  section-title-style-style4 has-external-link\">\n\t\t\t<div class='tpg-header-wrapper'>\n        <div class=\"tpg-widget-heading-wrapper rt-clear heading-style4 \">\n            <span class=\"tpg-widget-heading-line line-left\"><\/span>\n\t\t\t<h2 class='tpg-widget-heading'>\n\t\t\t\n\t\t\t\t                    <span>\n\t\t\t\t\t\tSoins\t\t\t\t\t<\/span>\n\t\t\t\t\t\n\t\t\t\t\t\t\t<\/h2>            <span class=\"tpg-widget-heading-line line-right\"><\/span>\n\n\t\t\t                <a class='external-link' href='\/soins\/'>\n\t\t\t\t\t                        <span class=\"external-lable\">Voir la cat\u00e9gorie<\/span>\n\t\t\t\t\t\t\t\t\t\t<i class='left-icon fas fa-angle-right left-icon'><\/i>                <\/a>\n\t\t\t\n        <\/div>\n\n\t\t\n\t\t<\/div>\t\t<\/div>\n\t\t\t\t<\/div>\n\t\t\t\t<\/div>\n\t\t\t\t<div class=\"elementor-element elementor-element-bdadf0b upk-global-link-yes elementor-widget elementor-widget-upk-hazel-grid\" data-id=\"bdadf0b\" data-element_type=\"widget\" data-widget_type=\"upk-hazel-grid.default\">\n\t\t\t\t<div class=\"elementor-widget-container\">\n\t\t\t\t\t<div class=\"upk-hazel-grid\">\n\t\t\t<div class=\"upk-post-grid upk-style-3 upk-text-position-center-center upk-content-style-1\">\n\n\t\t\t\t\n\t\t\t\t\t\t\t<div onclick=\"window.open(&#039;https:\/\/eclatcosmetique.fr\/es\/cuales-son-los-mejores-principios-activos-para-hidratar-la-piel-en-profundidad\/&#039;, &#039;_self&#039;)\" class=\"upk-item\">\n\t\t\t<div class=\"upk-item-box\">\n\t\t\t\t\n\t\t<img decoding=\"async\" class=\"upk-blog-image\" src=\"https:\/\/eclatcosmetique.fr\/wp-content\/uploads\/2024\/12\/6oHMVwpAcewcPPU97K8nb_308c3b2c50bf45fa92a6187e2c768068-300x169.jpg\" alt=\"\u00bfCu\u00e1les son los mejores principios activos para hidratar la piel en profundidad?\">\n\n\t\n\t\t\t\t<div class=\"upk-content\">\n\t\t\t\t\t<div class=\"upk-cetagory\">\n\t\t\t\t\t\t\t\t\t\t\t<\/div>\n\n\t\t\t\t\t<div class=\"upk-title-wrap\">\n\t\t\t\t\t\t<h3 class=\"upk-title\"><a href=\"https:\/\/eclatcosmetique.fr\/es\/cuales-son-los-mejores-principios-activos-para-hidratar-la-piel-en-profundidad\/\" title=\"\u00bfCu\u00e1les son los mejores principios activos para hidratar la piel en profundidad?\" class=\"upk-blog-title\">\u00bfCu\u00e1les son los mejores principios activos para hidratar la piel en profundidad?<\/a><\/h3>\t\t\t\t\t<\/div>\n\n\t\t\t\t\t\n\n\t\t\t\t<\/div>\n\t\t\t<\/div>\n\t\t<\/div>\n\t\n\t\t\t\t\n\t\t\t\t\t\t\t<div onclick=\"window.open(&#039;https:\/\/eclatcosmetique.fr\/es\/manchas-marrones-en-la-piel-cuidados-preventivos-y-curativos\/&#039;, &#039;_self&#039;)\" class=\"upk-item\">\n\t\t\t<div class=\"upk-item-box\">\n\t\t\t\t\n\t\t<img decoding=\"async\" class=\"upk-blog-image\" src=\"https:\/\/eclatcosmetique.fr\/wp-content\/uploads\/2024\/11\/image-300x169.jpeg\" alt=\"Manchas marrones en la piel: cuidados preventivos y curativos\">\n\n\t\n\t\t\t\t<div class=\"upk-content\">\n\t\t\t\t\t<div class=\"upk-cetagory\">\n\t\t\t\t\t\t\t\t\t\t\t<\/div>\n\n\t\t\t\t\t<div class=\"upk-title-wrap\">\n\t\t\t\t\t\t<h3 class=\"upk-title\"><a href=\"https:\/\/eclatcosmetique.fr\/es\/manchas-marrones-en-la-piel-cuidados-preventivos-y-curativos\/\" title=\"Manchas marrones en la piel: cuidados preventivos y curativos\" class=\"upk-blog-title\">Manchas marrones en la piel: cuidados preventivos y curativos<\/a><\/h3>\t\t\t\t\t<\/div>\n\n\t\t\t\t\t\n\n\t\t\t\t<\/div>\n\t\t\t<\/div>\n\t\t<\/div>\n\t\n\t\t\t\t\n\t\t\t\t\t\t\t<div onclick=\"window.open(&#039;https:\/\/eclatcosmetique.fr\/es\/guia-completa-de-la-crema-para-el-contorno-de-ojos\/&#039;, &#039;_self&#039;)\" class=\"upk-item\">\n\t\t\t<div class=\"upk-item-box\">\n\t\t\t\t\n\t\t<img decoding=\"async\" class=\"upk-blog-image\" src=\"https:\/\/eclatcosmetique.fr\/wp-content\/uploads\/2024\/11\/image-1-300x169.jpeg\" alt=\"Gu\u00eda completa de la crema para el contorno de ojos\">\n\n\t\n\t\t\t\t<div class=\"upk-content\">\n\t\t\t\t\t<div class=\"upk-cetagory\">\n\t\t\t\t\t\t\t\t\t\t\t<\/div>\n\n\t\t\t\t\t<div class=\"upk-title-wrap\">\n\t\t\t\t\t\t<h3 class=\"upk-title\"><a href=\"https:\/\/eclatcosmetique.fr\/es\/guia-completa-de-la-crema-para-el-contorno-de-ojos\/\" title=\"Gu\u00eda completa de la crema para el contorno de ojos\" class=\"upk-blog-title\">Gu\u00eda completa de la crema para el contorno de ojos<\/a><\/h3>\t\t\t\t\t<\/div>\n\n\t\t\t\t\t\n\n\t\t\t\t<\/div>\n\t\t\t<\/div>\n\t\t<\/div>\n\t\n\t\t\t\t\n\t\t\t\t\t\t\t<div onclick=\"window.open(&#039;https:\/\/eclatcosmetique.fr\/es\/comprender-los-distintos-tipos-de-manchas-en-el-cuerpo\/&#039;, &#039;_self&#039;)\" class=\"upk-item\">\n\t\t\t<div class=\"upk-item-box\">\n\t\t\t\t\n\t\t<img decoding=\"async\" class=\"upk-blog-image\" src=\"https:\/\/eclatcosmetique.fr\/wp-content\/uploads\/2024\/10\/image-300x169.jpeg\" alt=\"Comprender los distintos tipos de manchas en el cuerpo\">\n\n\t\n\t\t\t\t<div class=\"upk-content\">\n\t\t\t\t\t<div class=\"upk-cetagory\">\n\t\t\t\t\t\t\t\t\t\t\t<\/div>\n\n\t\t\t\t\t<div class=\"upk-title-wrap\">\n\t\t\t\t\t\t<h3 class=\"upk-title\"><a href=\"https:\/\/eclatcosmetique.fr\/es\/comprender-los-distintos-tipos-de-manchas-en-el-cuerpo\/\" title=\"Comprender los distintos tipos de manchas en el cuerpo\" class=\"upk-blog-title\">Comprender los distintos tipos de manchas en el cuerpo<\/a><\/h3>\t\t\t\t\t<\/div>\n\n\t\t\t\t\t\n\n\t\t\t\t<\/div>\n\t\t\t<\/div>\n\t\t<\/div>\n\t\n\t\t\t\t\n\t\t\t\t\t\t\t<div onclick=\"window.open(&#039;https:\/\/eclatcosmetique.fr\/es\/hidrafacial-o-microneedling-que-tecnica-elegir\/&#039;, &#039;_self&#039;)\" class=\"upk-item\">\n\t\t\t<div class=\"upk-item-box\">\n\t\t\t\t\n\t\t<img decoding=\"async\" class=\"upk-blog-image\" src=\"https:\/\/eclatcosmetique.fr\/wp-content\/uploads\/2024\/06\/hydrafacial-ou-microneedling-300x171.png\" alt=\"Hidrafacial o Microneedling: \u00bfQu\u00e9 t\u00e9cnica elegir?\">\n\n\t\n\t\t\t\t<div class=\"upk-content\">\n\t\t\t\t\t<div class=\"upk-cetagory\">\n\t\t\t\t\t\t\t\t\t\t\t<\/div>\n\n\t\t\t\t\t<div class=\"upk-title-wrap\">\n\t\t\t\t\t\t<h3 class=\"upk-title\"><a href=\"https:\/\/eclatcosmetique.fr\/es\/hidrafacial-o-microneedling-que-tecnica-elegir\/\" title=\"Hidrafacial o Microneedling: \u00bfQu\u00e9 t\u00e9cnica elegir?\" class=\"upk-blog-title\">Hidrafacial o Microneedling: \u00bfQu\u00e9 t\u00e9cnica elegir?<\/a><\/h3>\t\t\t\t\t<\/div>\n\n\t\t\t\t\t\n\n\t\t\t\t<\/div>\n\t\t\t<\/div>\n\t\t<\/div>\n\t\n\t\t\t\t\t\t\t<\/div>\n\t\t<\/div>\n\n\t\t\t\t<\/div>\n\t\t\t\t<\/div>\n\t\t\t\t\t<\/div>\n\t\t\t\t<\/div>\n\t\t<div class=\"elementor-element elementor-element-600aa8a e-flex e-con-boxed e-con e-parent\" data-id=\"600aa8a\" data-element_type=\"container\" data-settings=\"{&quot;background_background&quot;:&quot;classic&quot;}\">\n\t\t\t\t\t<div class=\"e-con-inner\">\n\t\t<div class=\"elementor-element elementor-element-00ad8b6 e-flex e-con-boxed e-con e-child\" data-id=\"00ad8b6\" data-element_type=\"container\">\n\t\t\t\t\t<div class=\"e-con-inner\">\n\t\t\t\t<div class=\"elementor-element elementor-element-e5c2170 elementor-widget elementor-widget-heading\" data-id=\"e5c2170\" data-element_type=\"widget\" data-widget_type=\"heading.default\">\n\t\t\t\t<div class=\"elementor-widget-container\">\n\t\t\t<h2 class=\"elementor-heading-title elementor-size-default\">Las \u00faltimas tendencias en belleza<\/h2>\t\t<\/div>\n\t\t\t\t<\/div>\n\t\t\t\t<div class=\"elementor-element elementor-element-f72e682 elementor-widget elementor-widget-text-editor\" data-id=\"f72e682\" data-element_type=\"widget\" data-widget_type=\"text-editor.default\">\n\t\t\t\t<div class=\"elementor-widget-container\">\n\t\t\t\t\t\t\tLa belleza es un campo en constante evoluci\u00f3n, con la aparici\u00f3n peri\u00f3dica de nuevas tendencias y t\u00e9cnicas para que te sientas guapa y bien contigo misma. Nuestro blog de belleza te invita a descubrir lo nuevo y lo que est\u00e1 de moda. \t\t\t\t\t\t<\/div>\n\t\t\t\t<\/div>\n\t\t\t\t\t<\/div>\n\t\t\t\t<\/div>\n\t\t\t\t\t<\/div>\n\t\t\t\t<\/div>\n\t\t<div class=\"elementor-element elementor-element-d8d5f10 e-flex e-con-boxed e-con e-parent\" data-id=\"d8d5f10\" data-element_type=\"container\" data-settings=\"{&quot;background_background&quot;:&quot;classic&quot;,&quot;shape_divider_top&quot;:&quot;mountains&quot;,&quot;shape_divider_bottom&quot;:&quot;mountains&quot;}\">\n\t\t\t\t\t<div class=\"e-con-inner\">\n\t\t\t\t<div class=\"elementor-shape elementor-shape-top\" data-negative=\"false\">\n\t\t\t<svg xmlns=\"http:\/\/www.w3.org\/2000\/svg\" viewBox=\"0 0 1000 100\" preserveAspectRatio=\"none\">\n\t<path class=\"elementor-shape-fill\" opacity=\"0.33\" d=\"M473,67.3c-203.9,88.3-263.1-34-320.3,0C66,119.1,0,59.7,0,59.7V0h1000v59.7 c0,0-62.1,26.1-94.9,29.3c-32.8,3.3-62.8-12.3-75.8-22.1C806,49.6,745.3,8.7,694.9,4.7S492.4,59,473,67.3z\"\/>\n\t<path class=\"elementor-shape-fill\" opacity=\"0.66\" d=\"M734,67.3c-45.5,0-77.2-23.2-129.1-39.1c-28.6-8.7-150.3-10.1-254,39.1 s-91.7-34.4-149.2,0C115.7,118.3,0,39.8,0,39.8V0h1000v36.5c0,0-28.2-18.5-92.1-18.5C810.2,18.1,775.7,67.3,734,67.3z\"\/>\n\t<path class=\"elementor-shape-fill\" d=\"M766.1,28.9c-200-57.5-266,65.5-395.1,19.5C242,1.8,242,5.4,184.8,20.6C128,35.8,132.3,44.9,89.9,52.5C28.6,63.7,0,0,0,0 h1000c0,0-9.9,40.9-83.6,48.1S829.6,47,766.1,28.9z\"\/>\n<\/svg>\t\t<\/div>\n\t\t\t\t<div class=\"elementor-shape elementor-shape-bottom\" data-negative=\"false\">\n\t\t\t<svg xmlns=\"http:\/\/www.w3.org\/2000\/svg\" viewBox=\"0 0 1000 100\" preserveAspectRatio=\"none\">\n\t<path class=\"elementor-shape-fill\" opacity=\"0.33\" d=\"M473,67.3c-203.9,88.3-263.1-34-320.3,0C66,119.1,0,59.7,0,59.7V0h1000v59.7 c0,0-62.1,26.1-94.9,29.3c-32.8,3.3-62.8-12.3-75.8-22.1C806,49.6,745.3,8.7,694.9,4.7S492.4,59,473,67.3z\"\/>\n\t<path class=\"elementor-shape-fill\" opacity=\"0.66\" d=\"M734,67.3c-45.5,0-77.2-23.2-129.1-39.1c-28.6-8.7-150.3-10.1-254,39.1 s-91.7-34.4-149.2,0C115.7,118.3,0,39.8,0,39.8V0h1000v36.5c0,0-28.2-18.5-92.1-18.5C810.2,18.1,775.7,67.3,734,67.3z\"\/>\n\t<path class=\"elementor-shape-fill\" d=\"M766.1,28.9c-200-57.5-266,65.5-395.1,19.5C242,1.8,242,5.4,184.8,20.6C128,35.8,132.3,44.9,89.9,52.5C28.6,63.7,0,0,0,0 h1000c0,0-9.9,40.9-83.6,48.1S829.6,47,766.1,28.9z\"\/>\n<\/svg>\t\t<\/div>\n\t\t<div class=\"elementor-element elementor-element-d908617 e-con-full e-flex e-con e-child\" data-id=\"d908617\" data-element_type=\"container\">\n\t\t\t\t<div class=\"elementor-element elementor-element-366be04 elementor-widget elementor-widget-heading\" data-id=\"366be04\" data-element_type=\"widget\" data-widget_type=\"heading.default\">\n\t\t\t\t<div class=\"elementor-widget-container\">\n\t\t\t<h3 class=\"elementor-heading-title elementor-size-default\">Capas: <br>una t\u00e9cnica asi\u00e1tica para una piel perfecta<\/h3>\t\t<\/div>\n\t\t\t\t<\/div>\n\t\t\t\t<div class=\"elementor-element elementor-element-998f9f7 elementor-widget elementor-widget-text-editor\" data-id=\"998f9f7\" data-element_type=\"widget\" data-widget_type=\"text-editor.default\">\n\t\t\t\t<div class=\"elementor-widget-container\">\n\t\t\t\t\t\t\t<p>La estratificaci\u00f3n es un m\u00e9todo que consiste en aplicar varias capas de productos de cuidado de la piel en el rostro, de la m\u00e1s fina a la m\u00e1s gruesa. Esta t\u00e9cnica maximiza la eficacia de los productos utilizados, dejando la piel perfectamente hidratada, radiante y protegida de los agresores externos. Para adoptar la estratificaci\u00f3n, basta con seguir unos sencillos pasos, como limpieza, loci\u00f3n, s\u00e9rum, crema hidratante y protecci\u00f3n solar.  <\/p>\t\t\t\t\t\t<\/div>\n\t\t\t\t<\/div>\n\t\t\t\t<div class=\"elementor-element elementor-element-bb7453f elementor-widget elementor-widget-heading\" data-id=\"bb7453f\" data-element_type=\"widget\" data-widget_type=\"heading.default\">\n\t\t\t\t<div class=\"elementor-widget-container\">\n\t\t\t<h3 class=\"elementor-heading-title elementor-size-default\">Maquillaje: <br>una baza para revelar tu belleza<\/h3>\t\t<\/div>\n\t\t\t\t<\/div>\n\t\t\t\t<div class=\"elementor-element elementor-element-20989a7 elementor-widget elementor-widget-text-editor\" data-id=\"20989a7\" data-element_type=\"widget\" data-widget_type=\"text-editor.default\">\n\t\t\t\t<div class=\"elementor-widget-container\">\n\t\t\t\t\t\t\t<p>El maquillaje es mucho m\u00e1s que una forma de camuflar imperfecciones. De hecho, es una aut\u00e9ntica forma de arte que te permite resaltar tus activos, afirmar tu personalidad y sentirte guapa y segura de ti misma. <strong>Experimenta con colores, texturas y t\u00e9cnicas para crear looks a tu medida<\/strong>, siguiendo los consejos y trucos de nuestro blog de belleza. Opta por una base ligera y luminosa para conseguir una tez fresca y radiante. Elige bases o cremas BB que se adapten a tu tono de piel y proporcionen un acabado natural. A\u00f1ade un toque de iluminador en las zonas clave del rostro, como los p\u00f3mulos, el hueso de la ceja y el arco de Cupido, para crear sutiles puntos de luz.    <\/p>\t\t\t\t\t\t<\/div>\n\t\t\t\t<\/div>\n\t\t\t\t<\/div>\n\t\t<div class=\"elementor-element elementor-element-18c5ae3 e-con-full e-flex e-con e-child\" data-id=\"18c5ae3\" data-element_type=\"container\">\n\t\t\t\t<div class=\"elementor-element elementor-element-3936f19 elementor-widget elementor-widget-image\" data-id=\"3936f19\" data-element_type=\"widget\" data-widget_type=\"image.default\">\n\t\t\t\t<div class=\"elementor-widget-container\">\n\t\t\t\t\t\t\t\t\t\t\t\t\t<img loading=\"lazy\" decoding=\"async\" width=\"768\" height=\"922\" src=\"https:\/\/eclatcosmetique.fr\/wp-content\/uploads\/2023\/11\/Soins-peau-768x922.jpg\" class=\"attachment-medium_large size-medium_large wp-image-1034\" alt=\"Cuidado de la piel y belleza\" \/>\t\t\t\t\t\t\t\t\t\t\t\t\t<\/div>\n\t\t\t\t<\/div>\n\t\t\t\t<\/div>\n\t\t\t\t\t<\/div>\n\t\t\t\t<\/div>\n\t\t<div class=\"elementor-element elementor-element-742efcb e-flex e-con-boxed e-con e-parent\" data-id=\"742efcb\" data-element_type=\"container\">\n\t\t\t\t\t<div class=\"e-con-inner\">\n\t\t\t\t<div class=\"elementor-element elementor-element-4d92620 section-title-style-style4 elementor-widget elementor-widget-tpg-section-title\" data-id=\"4d92620\" data-element_type=\"widget\" data-widget_type=\"tpg-section-title.default\">\n\t\t\t\t<div class=\"elementor-widget-container\">\n\t\t\t\t\t<div class=\"rt-container-fluid rt-tpg-container tpg-el-main-wrapper clearfix  section-title-style-style4 has-external-link\">\n\t\t\t<div class='tpg-header-wrapper'>\n        <div class=\"tpg-widget-heading-wrapper rt-clear heading-style4 \">\n            <span class=\"tpg-widget-heading-line line-left\"><\/span>\n\t\t\t<h2 class='tpg-widget-heading'>\n\t\t\t\n\t\t\t\t                    <span>\n\t\t\t\t\t\tMaquillage\t\t\t\t\t<\/span>\n\t\t\t\t\t\n\t\t\t\t\t\t\t<\/h2>            <span class=\"tpg-widget-heading-line line-right\"><\/span>\n\n\t\t\t                <a class='external-link' href='\/maquillage\/'>\n\t\t\t\t\t                        <span class=\"external-lable\">Voir la cat\u00e9gorie<\/span>\n\t\t\t\t\t\t\t\t\t\t<i class='left-icon fas fa-angle-right left-icon'><\/i>                <\/a>\n\t\t\t\n        <\/div>\n\n\t\t\n\t\t<\/div>\t\t<\/div>\n\t\t\t\t<\/div>\n\t\t\t\t<\/div>\n\t\t\t\t<div class=\"elementor-element elementor-element-52473e1 upk-global-link-yes upk-navigation-type-arrows upk-carousel-style-carousel elementor-widget elementor-widget-upk-hazel-carousel\" data-id=\"52473e1\" data-element_type=\"widget\" data-widget_type=\"upk-hazel-carousel.default\">\n\t\t\t\t<div class=\"elementor-widget-container\">\n\t\t\t\t\t<div id=\"upk-hazel-carousel-52473e1\" class=\"upk-hazel-carousel upk-arrows-align-center\" data-settings=\"{&quot;autoplay&quot;:{&quot;delay&quot;:5000},&quot;speed&quot;:500,&quot;pauseOnHover&quot;:true,&quot;slidesPerView&quot;:1,&quot;slidesPerGroup&quot;:1,&quot;spaceBetween&quot;:20,&quot;effect&quot;:&quot;carousel&quot;,&quot;direction&quot;:&quot;horizontal&quot;,&quot;watchSlidesVisibility&quot;:true,&quot;watchSlidesProgress&quot;:true,&quot;breakpoints&quot;:{&quot;767&quot;:{&quot;slidesPerView&quot;:2,&quot;spaceBetween&quot;:20,&quot;slidesPerGroup&quot;:1},&quot;1023&quot;:{&quot;slidesPerView&quot;:3,&quot;spaceBetween&quot;:20,&quot;slidesPerGroup&quot;:3}},&quot;navigation&quot;:{&quot;nextEl&quot;:&quot;#upk-hazel-carousel-52473e1 .upk-navigation-next&quot;,&quot;prevEl&quot;:&quot;#upk-hazel-carousel-52473e1 .upk-navigation-prev&quot;},&quot;pagination&quot;:{&quot;el&quot;:&quot;#upk-hazel-carousel-52473e1 .swiper-pagination&quot;,&quot;type&quot;:&quot;&quot;,&quot;clickable&quot;:&quot;true&quot;,&quot;dynamicBullets&quot;:false},&quot;scrollbar&quot;:{&quot;el&quot;:&quot;#upk-hazel-carousel-52473e1 .swiper-scrollbar&quot;,&quot;hide&quot;:&quot;true&quot;},&quot;coverflowEffect&quot;:{&quot;rotate&quot;:50,&quot;stretch&quot;:0,&quot;depth&quot;:100,&quot;modifier&quot;:1,&quot;slideShadows&quot;:true}}\">\n\t\t\t<div class=\"upk-post-grid upk-pg-text-position-center-center upk-blog-content-style-1\">\n\t\t\t\t<div class=\"swiper-carousel swiper\">\n\t\t\t\t\t<div class=\"swiper-wrapper\">\n\t\t\t\t\t\t\t\t\t\t\t<div onclick=\"window.open(&#039;https:\/\/eclatcosmetique.fr\/es\/contornear-el-arte-del-maquillaje-con-sombras\/&#039;, &#039;_self&#039;)\" class=\"upk-post-grid-item swiper-slide upk-transition-toggle\">\n\t\t\t\t\t\t\t<div class=\"upk-post-grid-item-box\">\n\t\t\t\t\t\t\t\t\t\t<img decoding=\"async\" class=\"upk-blog-image\" src=\"https:\/\/eclatcosmetique.fr\/wp-content\/uploads\/2023\/10\/le-contouring-lart-du-maquillage-par-le-jeu-des-ombres-1-768x432.jpg\" alt=\"Contornear, el arte del maquillaje con sombras\">\n\t\n\t\t\t\t\t\t\t\t<div class=\"upk-blog-box-content\">\n\t\t\t\t\t\t\t\t\t<div class=\"upk-cetagory\">\n\t\t\t\t\t\t\t\t\t\t\t\t\t\t\t\t\t\t\t<\/div>\n\n\t\t\t\t\t\t\t\t\t<div class=\"upk-blog-title-wrapper\">\n\t\t\t\t\t\t\t\t\t\t<h3 class=\"upk-blog-title-wrap\"><a href=\"https:\/\/eclatcosmetique.fr\/es\/contornear-el-arte-del-maquillaje-con-sombras\/\" title=\"Contornear, el arte del maquillaje con sombras\" class=\"upk-blog-title\">Contornear, el arte del maquillaje con sombras<\/a><\/h3>\t\t\t\t\t\t\t\t\t<\/div>\n\n\t\t\t\t\t\t\t\t\t\n\n\t\t\t\t\t\t\t\t<\/div>\n\t\t\t\t\t\t\t<\/div>\n\t\t\t\t\t\t<\/div>\n\t\t\t\t\t\t<\/div>\n\t\t\t\t<\/div>\n\t\t\n\t\t\t\t\t\t\t\t\t\t\t<div class=\"upk-position-z-index upk-position-center upk-visible@m\">\n\t\t\t\t<div class=\"upk-arrows-container upk-slidenav-container\">\n\t\t\t\t\t<div class=\"upk-navigation-prev\">\n\t\t\t\t\t\t<i class=\"upk-icon-arrow-left-0\" aria-hidden=\"true\"><\/i>\n\t\t\t\t\t<\/div>\n\t\t\t\t\t<div class=\"upk-navigation-next\">\n\t\t\t\t\t\t<i class=\"upk-icon-arrow-right-0\" aria-hidden=\"true\"><\/i>\n\t\t\t\t\t<\/div>\n\t\t\t\t<\/div>\n\t\t\t<\/div>\n\t\t\t\t\n\t\t<\/div>\n\t\t<\/div>\n\t\t\t\t<\/div>\n\t\t\t\t<\/div>\n\t\t\t\t<div class=\"elementor-element elementor-element-0188499 section-title-style-style4 elementor-widget elementor-widget-tpg-section-title\" data-id=\"0188499\" data-element_type=\"widget\" data-widget_type=\"tpg-section-title.default\">\n\t\t\t\t<div class=\"elementor-widget-container\">\n\t\t\t\t\t<div class=\"rt-container-fluid rt-tpg-container tpg-el-main-wrapper clearfix  section-title-style-style4 has-external-link\">\n\t\t\t<div class='tpg-header-wrapper'>\n        <div class=\"tpg-widget-heading-wrapper rt-clear heading-style4 \">\n            <span class=\"tpg-widget-heading-line line-left\"><\/span>\n\t\t\t<h2 class='tpg-widget-heading'>\n\t\t\t\n\t\t\t\t                    <span>\n\t\t\t\t\t\tOngles\t\t\t\t\t<\/span>\n\t\t\t\t\t\n\t\t\t\t\t\t\t<\/h2>            <span class=\"tpg-widget-heading-line line-right\"><\/span>\n\n\t\t\t                <a class='external-link' href='\/ongles\/'>\n\t\t\t\t\t                        <span class=\"external-lable\">Voir la cat\u00e9gorie<\/span>\n\t\t\t\t\t\t\t\t\t\t<i class='left-icon fas fa-angle-right left-icon'><\/i>                <\/a>\n\t\t\t\n        <\/div>\n\n\t\t\n\t\t<\/div>\t\t<\/div>\n\t\t\t\t<\/div>\n\t\t\t\t<\/div>\n\t\t\t\t\t<\/div>\n\t\t\t\t<\/div>\n\t\t<div class=\"elementor-element elementor-element-d4c1bbd e-flex e-con-boxed e-con e-parent\" data-id=\"d4c1bbd\" data-element_type=\"container\">\n\t\t\t\t\t<div class=\"e-con-inner\">\n\t\t\t\t<div class=\"elementor-element elementor-element-a680b93 upk-navigation-type-none upk-global-link-yes upk-item-match-height--yes upk-carousel-style-carousel elementor-widget elementor-widget-upk-harold-carousel\" data-id=\"a680b93\" data-element_type=\"widget\" data-widget_type=\"upk-harold-carousel.default\">\n\t\t\t\t<div class=\"elementor-widget-container\">\n\t\t\t\t\t<div id=\"upk-harold-carousel-a680b93\" class=\"upk-harold-carousel\" data-settings=\"{&quot;autoplay&quot;:{&quot;delay&quot;:5000},&quot;speed&quot;:500,&quot;slidesPerView&quot;:1,&quot;slidesPerGroup&quot;:1,&quot;spaceBetween&quot;:20,&quot;effect&quot;:&quot;carousel&quot;,&quot;direction&quot;:&quot;horizontal&quot;,&quot;watchSlidesVisibility&quot;:true,&quot;watchSlidesProgress&quot;:true,&quot;breakpoints&quot;:{&quot;767&quot;:{&quot;slidesPerView&quot;:2,&quot;spaceBetween&quot;:20,&quot;slidesPerGroup&quot;:1},&quot;1023&quot;:{&quot;slidesPerView&quot;:2,&quot;spaceBetween&quot;:20,&quot;slidesPerGroup&quot;:1}},&quot;navigation&quot;:{&quot;nextEl&quot;:&quot;#upk-harold-carousel-a680b93 .upk-navigation-next&quot;,&quot;prevEl&quot;:&quot;#upk-harold-carousel-a680b93 .upk-navigation-prev&quot;},&quot;pagination&quot;:{&quot;el&quot;:&quot;#upk-harold-carousel-a680b93 .swiper-pagination&quot;,&quot;type&quot;:&quot;&quot;,&quot;clickable&quot;:&quot;true&quot;,&quot;dynamicBullets&quot;:false},&quot;scrollbar&quot;:{&quot;el&quot;:&quot;#upk-harold-carousel-a680b93 .swiper-scrollbar&quot;,&quot;hide&quot;:&quot;true&quot;},&quot;coverflowEffect&quot;:{&quot;rotate&quot;:50,&quot;stretch&quot;:0,&quot;depth&quot;:100,&quot;modifier&quot;:1,&quot;slideShadows&quot;:true}}\">\n\t\t\t<div class=\"upk-wrapper\">\n\t\t\t\t<div class=\"swiper-carousel swiper\">\n\t\t\t\t\t<div class=\"swiper-wrapper\">\n\t\t\t\t\t\t\t\t\t\t\t<div onclick=\"window.open(&#039;https:\/\/eclatcosmetique.fr\/es\/elige-unas-postizas-para-realzar-tu-look\/&#039;, &#039;_self&#039;)\" class=\"upk-item swiper-slide upk-transition-toggle\">\n\t\t\t\t\t\t\t<div class=\"upk-item-box\">\n\t\t\t\t\t\t\t\t\t\t\t\t\t\t\t\t\t<div class=\"upk-image\">\n\t\t\t\t\t\t\t\t\t\t\n\t\t<img decoding=\"async\" class=\"upk-harold-img\" src=\"https:\/\/eclatcosmetique.fr\/wp-content\/uploads\/2023\/10\/optez-pour-les-faux-ongles-pieds-pour-sublimer-votre-look-1-300x169.jpg\" alt=\"Elige u\u00f1as postizas para realzar tu look\">\n\n\t\t\t\t\t\t\t\t\t\t<\/div>\n\t\t\t\t\t\t\t\t\t\t\t\t\t\t\t\t<div class=\"upk-content\">\n\t\t\t\t\t\t\t\t\t<div>\n\t\t\t\t\t\t\t\t\t\t\t\t\t\t\t\t\t\t\t\t<h3 class=\"upk-harold-title-wrap\"><a href=\"https:\/\/eclatcosmetique.fr\/es\/elige-unas-postizas-para-realzar-tu-look\/\" title=\"Elige u\u00f1as postizas para realzar tu look\" class=\"upk-harold-title\">Elige u\u00f1as postizas para realzar tu look<\/a><\/h3>\t\t\t\t\t\t\t\t\t\t\t\t\t\t\t\t\t\t\t<\/div>\n\t\t\t\t\t\t\t\t<\/div>\n\t\t\t\t\t\t\t<\/div>\n\t\t\t\t\t\t<\/div>\n\n\t\t\t\t\t\t<\/div>\n\t\t\t\t<\/div>\n\t\t\n\t\t\t\t\t\t\t\t\t\t\n\t\t<\/div>\n\t\t<\/div>\n\t\t\t\t<\/div>\n\t\t\t\t<\/div>\n\t\t\t\t\t<\/div>\n\t\t\t\t<\/div>\n\t\t\t\t<\/div>\n\t\t","protected":false},"excerpt":{"rendered":"<p>Beaut\u00e9 Passionn\u00e9e: Deja que nuestro Blog de Belleza te ayude a revelar tu resplandor En el mundo de la belleza, siempre hay algo que aprender y descubrir. Por eso nuestro blog de belleza est\u00e1 aqu\u00ed para ayudarte a revelar tu resplandor natural, con consejos pr\u00e1cticos, trucos originales y rutinas personalizadas. En este art\u00edculo, exploraremos distintos [&hellip;]<\/p>\n","protected":false},"author":1,"featured_media":0,"parent":0,"menu_order":0,"comment_status":"closed","ping_status":"closed","template":"","meta":{"footnotes":""},"class_list":["post-1033","page","type-page","status-publish","hentry"],"yoast_head":"<!-- This site is optimized with the Yoast SEO plugin v24.0 - https:\/\/yoast.com\/wordpress\/plugins\/seo\/ -->\n<title>\u00c9clat Cosm\u00e9tique : Blog de Resplandor Natural con nuestros Consejos de Belleza - Eclat Cosmetique<\/title>\n<meta name=\"description\" content=\"Descubre los secretos de la belleza. Nuestro blog te gu\u00eda hacia un brillo natural con consejos pr\u00e1cticos, nuevos trucos y consejos.\" \/>\n<meta name=\"robots\" content=\"index, follow, max-snippet:-1, max-image-preview:large, max-video-preview:-1\" \/>\n<link rel=\"canonical\" href=\"https:\/\/eclatcosmetique.fr\/es\/\" \/>\n<meta property=\"og:locale\" content=\"es_ES\" \/>\n<meta property=\"og:type\" content=\"article\" \/>\n<meta property=\"og:title\" content=\"\u00c9clat Cosm\u00e9tique : Blog de Resplandor Natural con nuestros Consejos de Belleza - Eclat Cosmetique\" \/>\n<meta property=\"og:description\" content=\"Descubre los secretos de la belleza. Nuestro blog te gu\u00eda hacia un brillo natural con consejos pr\u00e1cticos, nuevos trucos y consejos.\" \/>\n<meta property=\"og:url\" content=\"https:\/\/eclatcosmetique.fr\/es\/\" \/>\n<meta property=\"og:site_name\" content=\"Eclat Cosmetique\" \/>\n<meta property=\"article:modified_time\" content=\"2025-12-18T13:36:58+00:00\" \/>\n<meta property=\"og:image\" content=\"https:\/\/eclatcosmetique.fr\/wp-content\/uploads\/2025\/12\/6931c12a50a731764868394-1024x683.jpg\" \/>\n<meta name=\"twitter:card\" content=\"summary_large_image\" \/>\n<meta name=\"twitter:label1\" content=\"Tiempo de lectura\" \/>\n\t<meta name=\"twitter:data1\" content=\"6 minutos\" \/>\n<script type=\"application\/ld+json\" class=\"yoast-schema-graph\">{\"@context\":\"https:\/\/schema.org\",\"@graph\":[{\"@type\":\"WebPage\",\"@id\":\"https:\/\/eclatcosmetique.fr\/es\/\",\"url\":\"https:\/\/eclatcosmetique.fr\/es\/\",\"name\":\"\u00c9clat Cosm\u00e9tique : Blog de Resplandor Natural con nuestros Consejos de Belleza - Eclat Cosmetique\",\"isPartOf\":{\"@id\":\"https:\/\/eclatcosmetique.fr\/es\/#website\"},\"primaryImageOfPage\":{\"@id\":\"https:\/\/eclatcosmetique.fr\/es\/#primaryimage\"},\"image\":{\"@id\":\"https:\/\/eclatcosmetique.fr\/es\/#primaryimage\"},\"thumbnailUrl\":\"https:\/\/eclatcosmetique.fr\/wp-content\/uploads\/2025\/12\/6931c12a50a731764868394-1024x683.jpg\",\"datePublished\":\"2023-06-27T09:26:55+00:00\",\"dateModified\":\"2025-12-18T13:36:58+00:00\",\"description\":\"Descubre los secretos de la belleza. Nuestro blog te gu\u00eda hacia un brillo natural con consejos pr\u00e1cticos, nuevos trucos y consejos.\",\"breadcrumb\":{\"@id\":\"https:\/\/eclatcosmetique.fr\/es\/#breadcrumb\"},\"inLanguage\":\"es\",\"potentialAction\":[{\"@type\":\"ReadAction\",\"target\":[\"https:\/\/eclatcosmetique.fr\/es\/\"]}]},{\"@type\":\"ImageObject\",\"inLanguage\":\"es\",\"@id\":\"https:\/\/eclatcosmetique.fr\/es\/#primaryimage\",\"url\":\"https:\/\/eclatcosmetique.fr\/wp-content\/uploads\/2025\/12\/6931c12a50a731764868394-1024x683.jpg\",\"contentUrl\":\"https:\/\/eclatcosmetique.fr\/wp-content\/uploads\/2025\/12\/6931c12a50a731764868394-1024x683.jpg\"},{\"@type\":\"BreadcrumbList\",\"@id\":\"https:\/\/eclatcosmetique.fr\/es\/#breadcrumb\",\"itemListElement\":[{\"@type\":\"ListItem\",\"position\":1,\"name\":\"Inicio\",\"item\":\"https:\/\/eclatcosmetique.fr\/es\/beaute-passionnee-deja-que-nuestro-blog-de-belleza-te-ayude-a-revelar-tu-resplandor\/\"},{\"@type\":\"ListItem\",\"position\":2,\"name\":\"Beaut\u00e9 Passionn\u00e9e: Deja que nuestro Blog de Belleza te ayude a revelar tu resplandor\"}]},{\"@type\":\"WebSite\",\"@id\":\"https:\/\/eclatcosmetique.fr\/es\/#website\",\"url\":\"https:\/\/eclatcosmetique.fr\/es\/\",\"name\":\"Eclat Cosmetique\",\"description\":\"\",\"publisher\":{\"@id\":\"https:\/\/eclatcosmetique.fr\/es\/#organization\"},\"potentialAction\":[{\"@type\":\"SearchAction\",\"target\":{\"@type\":\"EntryPoint\",\"urlTemplate\":\"https:\/\/eclatcosmetique.fr\/es\/?s={search_term_string}\"},\"query-input\":{\"@type\":\"PropertyValueSpecification\",\"valueRequired\":true,\"valueName\":\"search_term_string\"}}],\"inLanguage\":\"es\"},{\"@type\":\"Organization\",\"@id\":\"https:\/\/eclatcosmetique.fr\/es\/#organization\",\"name\":\"Eclat Cosmetique\",\"url\":\"https:\/\/eclatcosmetique.fr\/es\/\",\"logo\":{\"@type\":\"ImageObject\",\"inLanguage\":\"es\",\"@id\":\"https:\/\/eclatcosmetique.fr\/es\/#\/schema\/logo\/image\/\",\"url\":\"https:\/\/eclatcosmetique.fr\/wp-content\/uploads\/2023\/06\/eclatcosmetique.png\",\"contentUrl\":\"https:\/\/eclatcosmetique.fr\/wp-content\/uploads\/2023\/06\/eclatcosmetique.png\",\"width\":250,\"height\":250,\"caption\":\"Eclat Cosmetique\"},\"image\":{\"@id\":\"https:\/\/eclatcosmetique.fr\/es\/#\/schema\/logo\/image\/\"}}]}<\/script>\n<!-- \/ Yoast SEO plugin. -->","yoast_head_json":{"title":"\u00c9clat Cosm\u00e9tique : Blog de Resplandor Natural con nuestros Consejos de Belleza - Eclat Cosmetique","description":"Descubre los secretos de la belleza. Nuestro blog te gu\u00eda hacia un brillo natural con consejos pr\u00e1cticos, nuevos trucos y consejos.","robots":{"index":"index","follow":"follow","max-snippet":"max-snippet:-1","max-image-preview":"max-image-preview:large","max-video-preview":"max-video-preview:-1"},"canonical":"https:\/\/eclatcosmetique.fr\/es\/","og_locale":"es_ES","og_type":"article","og_title":"\u00c9clat Cosm\u00e9tique : Blog de Resplandor Natural con nuestros Consejos de Belleza - Eclat Cosmetique","og_description":"Descubre los secretos de la belleza. Nuestro blog te gu\u00eda hacia un brillo natural con consejos pr\u00e1cticos, nuevos trucos y consejos.","og_url":"https:\/\/eclatcosmetique.fr\/es\/","og_site_name":"Eclat Cosmetique","article_modified_time":"2025-12-18T13:36:58+00:00","og_image":[{"url":"https:\/\/eclatcosmetique.fr\/wp-content\/uploads\/2025\/12\/6931c12a50a731764868394-1024x683.jpg","type":"","width":"","height":""}],"twitter_card":"summary_large_image","twitter_misc":{"Tiempo de lectura":"6 minutos"},"schema":{"@context":"https:\/\/schema.org","@graph":[{"@type":"WebPage","@id":"https:\/\/eclatcosmetique.fr\/es\/","url":"https:\/\/eclatcosmetique.fr\/es\/","name":"\u00c9clat Cosm\u00e9tique : Blog de Resplandor Natural con nuestros Consejos de Belleza - Eclat Cosmetique","isPartOf":{"@id":"https:\/\/eclatcosmetique.fr\/es\/#website"},"primaryImageOfPage":{"@id":"https:\/\/eclatcosmetique.fr\/es\/#primaryimage"},"image":{"@id":"https:\/\/eclatcosmetique.fr\/es\/#primaryimage"},"thumbnailUrl":"https:\/\/eclatcosmetique.fr\/wp-content\/uploads\/2025\/12\/6931c12a50a731764868394-1024x683.jpg","datePublished":"2023-06-27T09:26:55+00:00","dateModified":"2025-12-18T13:36:58+00:00","description":"Descubre los secretos de la belleza. Nuestro blog te gu\u00eda hacia un brillo natural con consejos pr\u00e1cticos, nuevos trucos y consejos.","breadcrumb":{"@id":"https:\/\/eclatcosmetique.fr\/es\/#breadcrumb"},"inLanguage":"es","potentialAction":[{"@type":"ReadAction","target":["https:\/\/eclatcosmetique.fr\/es\/"]}]},{"@type":"ImageObject","inLanguage":"es","@id":"https:\/\/eclatcosmetique.fr\/es\/#primaryimage","url":"https:\/\/eclatcosmetique.fr\/wp-content\/uploads\/2025\/12\/6931c12a50a731764868394-1024x683.jpg","contentUrl":"https:\/\/eclatcosmetique.fr\/wp-content\/uploads\/2025\/12\/6931c12a50a731764868394-1024x683.jpg"},{"@type":"BreadcrumbList","@id":"https:\/\/eclatcosmetique.fr\/es\/#breadcrumb","itemListElement":[{"@type":"ListItem","position":1,"name":"Inicio","item":"https:\/\/eclatcosmetique.fr\/es\/beaute-passionnee-deja-que-nuestro-blog-de-belleza-te-ayude-a-revelar-tu-resplandor\/"},{"@type":"ListItem","position":2,"name":"Beaut\u00e9 Passionn\u00e9e: Deja que nuestro Blog de Belleza te ayude a revelar tu resplandor"}]},{"@type":"WebSite","@id":"https:\/\/eclatcosmetique.fr\/es\/#website","url":"https:\/\/eclatcosmetique.fr\/es\/","name":"Eclat Cosmetique","description":"","publisher":{"@id":"https:\/\/eclatcosmetique.fr\/es\/#organization"},"potentialAction":[{"@type":"SearchAction","target":{"@type":"EntryPoint","urlTemplate":"https:\/\/eclatcosmetique.fr\/es\/?s={search_term_string}"},"query-input":{"@type":"PropertyValueSpecification","valueRequired":true,"valueName":"search_term_string"}}],"inLanguage":"es"},{"@type":"Organization","@id":"https:\/\/eclatcosmetique.fr\/es\/#organization","name":"Eclat Cosmetique","url":"https:\/\/eclatcosmetique.fr\/es\/","logo":{"@type":"ImageObject","inLanguage":"es","@id":"https:\/\/eclatcosmetique.fr\/es\/#\/schema\/logo\/image\/","url":"https:\/\/eclatcosmetique.fr\/wp-content\/uploads\/2023\/06\/eclatcosmetique.png","contentUrl":"https:\/\/eclatcosmetique.fr\/wp-content\/uploads\/2023\/06\/eclatcosmetique.png","width":250,"height":250,"caption":"Eclat Cosmetique"},"image":{"@id":"https:\/\/eclatcosmetique.fr\/es\/#\/schema\/logo\/image\/"}}]}},"rttpg_featured_image_url":null,"rttpg_author":{"display_name":"eclatcosmetique","author_link":"https:\/\/eclatcosmetique.fr\/es\/author\/eclatcosmetique\/"},"rttpg_comment":0,"rttpg_category":"","rttpg_excerpt":"Beaut\u00e9 Passionn\u00e9e: Deja que nuestro Blog de Belleza te ayude a revelar tu resplandor En el mundo de la belleza, siempre hay algo que aprender y descubrir. Por eso nuestro blog de belleza est\u00e1 aqu\u00ed para ayudarte a revelar tu resplandor natural, con consejos pr\u00e1cticos, trucos originales y rutinas personalizadas. En este art\u00edculo, exploraremos distintos&hellip;","_links":{"self":[{"href":"https:\/\/eclatcosmetique.fr\/es\/wp-json\/wp\/v2\/pages\/1033","targetHints":{"allow":["GET"]}}],"collection":[{"href":"https:\/\/eclatcosmetique.fr\/es\/wp-json\/wp\/v2\/pages"}],"about":[{"href":"https:\/\/eclatcosmetique.fr\/es\/wp-json\/wp\/v2\/types\/page"}],"author":[{"embeddable":true,"href":"https:\/\/eclatcosmetique.fr\/es\/wp-json\/wp\/v2\/users\/1"}],"replies":[{"embeddable":true,"href":"https:\/\/eclatcosmetique.fr\/es\/wp-json\/wp\/v2\/comments?post=1033"}],"version-history":[{"count":1,"href":"https:\/\/eclatcosmetique.fr\/es\/wp-json\/wp\/v2\/pages\/1033\/revisions"}],"predecessor-version":[{"id":1037,"href":"https:\/\/eclatcosmetique.fr\/es\/wp-json\/wp\/v2\/pages\/1033\/revisions\/1037"}],"wp:attachment":[{"href":"https:\/\/eclatcosmetique.fr\/es\/wp-json\/wp\/v2\/media?parent=1033"}],"curies":[{"name":"wp","href":"https:\/\/api.w.org\/{rel}","templated":true}]}}